{"id":1030856,"date":"2021-08-09T11:02:08","date_gmt":"2021-08-09T09:02:08","guid":{"rendered":"https:\/\/luhacovice.cz\/?post_type=akce&#038;p=1030856"},"modified":"2021-08-09T11:02:10","modified_gmt":"2021-08-09T09:02:10","slug":"kolonadni-koncert-decka-ze-skoronic-a-varmuzova-cimbalova-muzika","status":"publish","type":"akce","link":"https:\/\/luhacovice.cz\/de\/akce\/kolonadni-koncert-decka-ze-skoronic-a-varmuzova-cimbalova-muzika\/","title":{"rendered":"Kolon\u00e1dn\u00ed koncert \/ D\u011bcka ze Skoronic a Varmu\u017eova cimb\u00e1lov\u00e1 muzika"},"content":{"rendered":"<p>V p\u0159\u00edpad\u011b de\u0161t\u011b nebo vysok\u00fdch let\u00edch teplot se koncert uskute\u010dn\u00ed pod kolon\u00e1dou.<\/p>\n<p>Koncert je ur\u010den pro hosty L\u00e1zn\u00ed Luha\u010dovice, a.s., kte\u0159\u00ed spl\u0148uj\u00ed podm\u00ednky MZ\u010cR pro \u00fa\u010dast na kulturn\u00ed akci. Na m\u00edst\u011b jsou div\u00e1ci povinni dodr\u017eovat na\u0159\u00edzen\u00e1 opat\u0159en\u00ed.<\/p>\n","protected":false},"featured_media":0,"template":"","meta":[],"druhy_akci":[23],"yoast_head":"<!-- This site is optimized with the Yoast SEO plugin v20.4 - https:\/\/yoast.com\/wordpress\/plugins\/seo\/ -->\n<title>Kolon\u00e1dn\u00ed koncert \/ D\u011bcka ze Skoronic a Varmu\u017eova cimb\u00e1lov\u00e1 muzika - Luha\u010dovice.cz<\/title>\n<meta name=\"robots\" content=\"index, follow, max-snippet:-1, max-image-preview:large, max-video-preview:-1\" \/>\n<link rel=\"canonical\" href=\"https:\/\/luhacovice.cz\/akce\/kolonadni-koncert-decka-ze-skoronic-a-varmuzova-cimbalova-muzika\/\" \/>\n<meta property=\"og:locale\" content=\"de_DE\" \/>\n<meta property=\"og:type\" content=\"article\" \/>\n<meta property=\"og:title\" content=\"Kolon\u00e1dn\u00ed koncert \/ D\u011bcka ze Skoronic a Varmu\u017eova cimb\u00e1lov\u00e1 muzika - Luha\u010dovice.cz\" \/>\n<meta property=\"og:description\" content=\"V p\u0159\u00edpad\u011b de\u0161t\u011b nebo vysok\u00fdch let\u00edch teplot se koncert uskute\u010dn\u00ed pod kolon\u00e1dou. Koncert je ur\u010den pro hosty L\u00e1zn\u00ed Luha\u010dovice, a.s., kte\u0159\u00ed spl\u0148uj\u00ed podm\u00ednky MZ\u010cR pro \u00fa\u010dast na kulturn\u00ed akci. Na m\u00edst\u011b jsou div\u00e1ci povinni dodr\u017eovat na\u0159\u00edzen\u00e1 opat\u0159en\u00ed.\" \/>\n<meta property=\"og:url\" content=\"https:\/\/luhacovice.cz\/akce\/kolonadni-koncert-decka-ze-skoronic-a-varmuzova-cimbalova-muzika\/\" \/>\n<meta property=\"og:site_name\" content=\"Luha\u010dovice.cz\" \/>\n<meta property=\"article:modified_time\" content=\"2021-08-09T09:02:10+00:00\" \/>\n<meta name=\"twitter:card\" content=\"summary_large_image\" \/>\n<meta name=\"twitter:label1\" content=\"Gesch\u00e4tzte Lesezeit\" \/>\n\t<meta name=\"twitter:data1\" content=\"1\u00a0Minute\" \/>\n<script type=\"application\/ld+json\" class=\"yoast-schema-graph\">{\"@context\":\"https:\/\/schema.org\",\"@graph\":[{\"@type\":\"WebPage\",\"@id\":\"https:\/\/luhacovice.cz\/akce\/kolonadni-koncert-decka-ze-skoronic-a-varmuzova-cimbalova-muzika\/\",\"url\":\"https:\/\/luhacovice.cz\/akce\/kolonadni-koncert-decka-ze-skoronic-a-varmuzova-cimbalova-muzika\/\",\"name\":\"Kolon\u00e1dn\u00ed koncert \/ D\u011bcka ze Skoronic a Varmu\u017eova cimb\u00e1lov\u00e1 muzika - Luha\u010dovice.cz\",\"isPartOf\":{\"@id\":\"https:\/\/luhacovice.cz\/#website\"},\"datePublished\":\"2021-08-09T09:02:08+00:00\",\"dateModified\":\"2021-08-09T09:02:10+00:00\",\"breadcrumb\":{\"@id\":\"https:\/\/luhacovice.cz\/akce\/kolonadni-koncert-decka-ze-skoronic-a-varmuzova-cimbalova-muzika\/#breadcrumb\"},\"inLanguage\":\"de\",\"potentialAction\":[{\"@type\":\"ReadAction\",\"target\":[\"https:\/\/luhacovice.cz\/akce\/kolonadni-koncert-decka-ze-skoronic-a-varmuzova-cimbalova-muzika\/\"]}]},{\"@type\":\"BreadcrumbList\",\"@id\":\"https:\/\/luhacovice.cz\/akce\/kolonadni-koncert-decka-ze-skoronic-a-varmuzova-cimbalova-muzika\/#breadcrumb\",\"itemListElement\":[{\"@type\":\"ListItem\",\"position\":1,\"name\":\"Home\",\"item\":\"https:\/\/luhacovice.cz\/de\/\"},{\"@type\":\"ListItem\",\"position\":2,\"name\":\"Akce\",\"item\":\"https:\/\/luhacovice.cz\/akce\/\"},{\"@type\":\"ListItem\",\"position\":3,\"name\":\"Kolon\u00e1dn\u00ed koncert \/ D\u011bcka ze Skoronic a Varmu\u017eova cimb\u00e1lov\u00e1 muzika\"}]},{\"@type\":\"WebSite\",\"@id\":\"https:\/\/luhacovice.cz\/#website\",\"url\":\"https:\/\/luhacovice.cz\/\",\"name\":\"Luha\u010dovice.cz\",\"description\":\"Turistick\u00fd port\u00e1l Luha\u010dovice Pozlovice\",\"potentialAction\":[{\"@type\":\"SearchAction\",\"target\":{\"@type\":\"EntryPoint\",\"urlTemplate\":\"https:\/\/luhacovice.cz\/?s={search_term_string}\"},\"query-input\":\"required name=search_term_string\"}],\"inLanguage\":\"de\"}]}<\/script>\n<!-- \/ Yoast SEO plugin. -->","yoast_head_json":{"title":"Kolon\u00e1dn\u00ed koncert \/ D\u011bcka ze Skoronic a Varmu\u017eova cimb\u00e1lov\u00e1 muzika - Luha\u010dovice.cz","robots":{"index":"index","follow":"follow","max-snippet":"max-snippet:-1","max-image-preview":"max-image-preview:large","max-video-preview":"max-video-preview:-1"},"canonical":"https:\/\/luhacovice.cz\/akce\/kolonadni-koncert-decka-ze-skoronic-a-varmuzova-cimbalova-muzika\/","og_locale":"de_DE","og_type":"article","og_title":"Kolon\u00e1dn\u00ed koncert \/ D\u011bcka ze Skoronic a Varmu\u017eova cimb\u00e1lov\u00e1 muzika - Luha\u010dovice.cz","og_description":"V p\u0159\u00edpad\u011b de\u0161t\u011b nebo vysok\u00fdch let\u00edch teplot se koncert uskute\u010dn\u00ed pod kolon\u00e1dou. Koncert je ur\u010den pro hosty L\u00e1zn\u00ed Luha\u010dovice, a.s., kte\u0159\u00ed spl\u0148uj\u00ed podm\u00ednky MZ\u010cR pro \u00fa\u010dast na kulturn\u00ed akci. Na m\u00edst\u011b jsou div\u00e1ci povinni dodr\u017eovat na\u0159\u00edzen\u00e1 opat\u0159en\u00ed.","og_url":"https:\/\/luhacovice.cz\/akce\/kolonadni-koncert-decka-ze-skoronic-a-varmuzova-cimbalova-muzika\/","og_site_name":"Luha\u010dovice.cz","article_modified_time":"2021-08-09T09:02:10+00:00","twitter_card":"summary_large_image","twitter_misc":{"Gesch\u00e4tzte Lesezeit":"1\u00a0Minute"},"schema":{"@context":"https:\/\/schema.org","@graph":[{"@type":"WebPage","@id":"https:\/\/luhacovice.cz\/akce\/kolonadni-koncert-decka-ze-skoronic-a-varmuzova-cimbalova-muzika\/","url":"https:\/\/luhacovice.cz\/akce\/kolonadni-koncert-decka-ze-skoronic-a-varmuzova-cimbalova-muzika\/","name":"Kolon\u00e1dn\u00ed koncert \/ D\u011bcka ze Skoronic a Varmu\u017eova cimb\u00e1lov\u00e1 muzika - Luha\u010dovice.cz","isPartOf":{"@id":"https:\/\/luhacovice.cz\/#website"},"datePublished":"2021-08-09T09:02:08+00:00","dateModified":"2021-08-09T09:02:10+00:00","breadcrumb":{"@id":"https:\/\/luhacovice.cz\/akce\/kolonadni-koncert-decka-ze-skoronic-a-varmuzova-cimbalova-muzika\/#breadcrumb"},"inLanguage":"de","potentialAction":[{"@type":"ReadAction","target":["https:\/\/luhacovice.cz\/akce\/kolonadni-koncert-decka-ze-skoronic-a-varmuzova-cimbalova-muzika\/"]}]},{"@type":"BreadcrumbList","@id":"https:\/\/luhacovice.cz\/akce\/kolonadni-koncert-decka-ze-skoronic-a-varmuzova-cimbalova-muzika\/#breadcrumb","itemListElement":[{"@type":"ListItem","position":1,"name":"Home","item":"https:\/\/luhacovice.cz\/de\/"},{"@type":"ListItem","position":2,"name":"Akce","item":"https:\/\/luhacovice.cz\/akce\/"},{"@type":"ListItem","position":3,"name":"Kolon\u00e1dn\u00ed koncert \/ D\u011bcka ze Skoronic a Varmu\u017eova cimb\u00e1lov\u00e1 muzika"}]},{"@type":"WebSite","@id":"https:\/\/luhacovice.cz\/#website","url":"https:\/\/luhacovice.cz\/","name":"Luha\u010dovice.cz","description":"Turistick\u00fd port\u00e1l Luha\u010dovice Pozlovice","potentialAction":[{"@type":"SearchAction","target":{"@type":"EntryPoint","urlTemplate":"https:\/\/luhacovice.cz\/?s={search_term_string}"},"query-input":"required name=search_term_string"}],"inLanguage":"de"}]}},"_links":{"self":[{"href":"https:\/\/luhacovice.cz\/de\/wp-json\/wp\/v2\/akce\/1030856"}],"collection":[{"href":"https:\/\/luhacovice.cz\/de\/wp-json\/wp\/v2\/akce"}],"about":[{"href":"https:\/\/luhacovice.cz\/de\/wp-json\/wp\/v2\/types\/akce"}],"wp:attachment":[{"href":"https:\/\/luhacovice.cz\/de\/wp-json\/wp\/v2\/media?parent=1030856"}],"wp:term":[{"taxonomy":"druhy_akci","embeddable":true,"href":"https:\/\/luhacovice.cz\/de\/wp-json\/wp\/v2\/druhy_akci?post=1030856"}],"curies":[{"name":"wp","href":"https:\/\/api.w.org\/{rel}","templated":true}]}}