{"id":1050927,"date":"2022-06-10T08:48:17","date_gmt":"2022-06-10T06:48:17","guid":{"rendered":"https:\/\/luhacovice.cz\/?post_type=akce&#038;p=1050927"},"modified":"2022-06-10T08:48:19","modified_gmt":"2022-06-10T06:48:19","slug":"akademie-vaclava-hudecka","status":"publish","type":"akce","link":"https:\/\/luhacovice.cz\/de\/akce\/akademie-vaclava-hudecka\/","title":{"rendered":"Akademie V\u00e1clava Hude\u010dka"},"content":{"rendered":"\n<p>Fenomen\u00e1ln\u00ed houslista V\u00e1clav Hude\u010dek str\u00e1v\u00ed l\u00e9to v Luha\u010dovic\u00edch, ov\u0161em v pln\u00e9m pracovn\u00edm tempu. Jeho dny se st\u00e1vaj\u00ed jednak z u\u010den\u00ed mlad\u00fdch houslist\u016f v r\u00e1mci ji\u017e 21. ro\u010dn\u00edku Akademie V\u00e1clava Hude\u010dka a tak\u00e9 z \u00fa\u010dasti na koncertech, kter\u00e9 se konaj\u00ed b\u011bhem s n\u00ed spojen\u00e9ho hudebn\u00edho festivalu.<\/p>\n","protected":false},"featured_media":1050928,"template":"","meta":[],"druhy_akci":[33],"yoast_head":"<!-- This site is optimized with the Yoast SEO plugin v20.4 - https:\/\/yoast.com\/wordpress\/plugins\/seo\/ -->\n<title>Akademie V\u00e1clava Hude\u010dka - Luha\u010dovice.cz<\/title>\n<meta name=\"robots\" content=\"index, follow, max-snippet:-1, max-image-preview:large, max-video-preview:-1\" \/>\n<link rel=\"canonical\" href=\"https:\/\/luhacovice.cz\/akce\/akademie-vaclava-hudecka\/\" \/>\n<meta property=\"og:locale\" content=\"de_DE\" \/>\n<meta property=\"og:type\" content=\"article\" \/>\n<meta property=\"og:title\" content=\"Akademie V\u00e1clava Hude\u010dka - Luha\u010dovice.cz\" \/>\n<meta property=\"og:description\" content=\"Fenomen\u00e1ln\u00ed houslista V\u00e1clav Hude\u010dek str\u00e1v\u00ed l\u00e9to v Luha\u010dovic\u00edch, ov\u0161em v pln\u00e9m pracovn\u00edm tempu. Jeho dny se st\u00e1vaj\u00ed jednak z u\u010den\u00ed mlad\u00fdch houslist\u016f v r\u00e1mci ji\u017e 21. ro\u010dn\u00edku Akademie V\u00e1clava Hude\u010dka a tak\u00e9 z \u00fa\u010dasti na koncertech, kter\u00e9 se konaj\u00ed b\u011bhem s n\u00ed spojen\u00e9ho hudebn\u00edho festivalu.\" \/>\n<meta property=\"og:url\" content=\"https:\/\/luhacovice.cz\/akce\/akademie-vaclava-hudecka\/\" \/>\n<meta property=\"og:site_name\" content=\"Luha\u010dovice.cz\" \/>\n<meta property=\"article:modified_time\" content=\"2022-06-10T06:48:19+00:00\" \/>\n<meta property=\"og:image\" content=\"https:\/\/luhacovice.cz\/wp-content\/uploads\/2022\/06\/akademie-vaclava-hudecka.jpg\" \/>\n\t<meta property=\"og:image:width\" content=\"800\" \/>\n\t<meta property=\"og:image:height\" content=\"600\" \/>\n\t<meta property=\"og:image:type\" content=\"image\/jpeg\" \/>\n<meta name=\"twitter:card\" content=\"summary_large_image\" \/>\n<meta name=\"twitter:label1\" content=\"Gesch\u00e4tzte Lesezeit\" \/>\n\t<meta name=\"twitter:data1\" content=\"1\u00a0Minute\" \/>\n<script type=\"application\/ld+json\" class=\"yoast-schema-graph\">{\"@context\":\"https:\/\/schema.org\",\"@graph\":[{\"@type\":\"WebPage\",\"@id\":\"https:\/\/luhacovice.cz\/akce\/akademie-vaclava-hudecka\/\",\"url\":\"https:\/\/luhacovice.cz\/akce\/akademie-vaclava-hudecka\/\",\"name\":\"Akademie V\u00e1clava Hude\u010dka - Luha\u010dovice.cz\",\"isPartOf\":{\"@id\":\"https:\/\/luhacovice.cz\/#website\"},\"datePublished\":\"2022-06-10T06:48:17+00:00\",\"dateModified\":\"2022-06-10T06:48:19+00:00\",\"breadcrumb\":{\"@id\":\"https:\/\/luhacovice.cz\/akce\/akademie-vaclava-hudecka\/#breadcrumb\"},\"inLanguage\":\"de\",\"potentialAction\":[{\"@type\":\"ReadAction\",\"target\":[\"https:\/\/luhacovice.cz\/akce\/akademie-vaclava-hudecka\/\"]}]},{\"@type\":\"BreadcrumbList\",\"@id\":\"https:\/\/luhacovice.cz\/akce\/akademie-vaclava-hudecka\/#breadcrumb\",\"itemListElement\":[{\"@type\":\"ListItem\",\"position\":1,\"name\":\"Home\",\"item\":\"https:\/\/luhacovice.cz\/de\/\"},{\"@type\":\"ListItem\",\"position\":2,\"name\":\"Akce\",\"item\":\"https:\/\/luhacovice.cz\/akce\/\"},{\"@type\":\"ListItem\",\"position\":3,\"name\":\"Akademie V\u00e1clava Hude\u010dka\"}]},{\"@type\":\"WebSite\",\"@id\":\"https:\/\/luhacovice.cz\/#website\",\"url\":\"https:\/\/luhacovice.cz\/\",\"name\":\"Luha\u010dovice.cz\",\"description\":\"Turistick\u00fd port\u00e1l Luha\u010dovice Pozlovice\",\"potentialAction\":[{\"@type\":\"SearchAction\",\"target\":{\"@type\":\"EntryPoint\",\"urlTemplate\":\"https:\/\/luhacovice.cz\/?s={search_term_string}\"},\"query-input\":\"required name=search_term_string\"}],\"inLanguage\":\"de\"}]}<\/script>\n<!-- \/ Yoast SEO plugin. -->","yoast_head_json":{"title":"Akademie V\u00e1clava Hude\u010dka - Luha\u010dovice.cz","robots":{"index":"index","follow":"follow","max-snippet":"max-snippet:-1","max-image-preview":"max-image-preview:large","max-video-preview":"max-video-preview:-1"},"canonical":"https:\/\/luhacovice.cz\/akce\/akademie-vaclava-hudecka\/","og_locale":"de_DE","og_type":"article","og_title":"Akademie V\u00e1clava Hude\u010dka - Luha\u010dovice.cz","og_description":"Fenomen\u00e1ln\u00ed houslista V\u00e1clav Hude\u010dek str\u00e1v\u00ed l\u00e9to v Luha\u010dovic\u00edch, ov\u0161em v pln\u00e9m pracovn\u00edm tempu. Jeho dny se st\u00e1vaj\u00ed jednak z u\u010den\u00ed mlad\u00fdch houslist\u016f v r\u00e1mci ji\u017e 21. ro\u010dn\u00edku Akademie V\u00e1clava Hude\u010dka a tak\u00e9 z \u00fa\u010dasti na koncertech, kter\u00e9 se konaj\u00ed b\u011bhem s n\u00ed spojen\u00e9ho hudebn\u00edho festivalu.","og_url":"https:\/\/luhacovice.cz\/akce\/akademie-vaclava-hudecka\/","og_site_name":"Luha\u010dovice.cz","article_modified_time":"2022-06-10T06:48:19+00:00","og_image":[{"width":800,"height":600,"url":"https:\/\/luhacovice.cz\/wp-content\/uploads\/2022\/06\/akademie-vaclava-hudecka.jpg","type":"image\/jpeg"}],"twitter_card":"summary_large_image","twitter_misc":{"Gesch\u00e4tzte Lesezeit":"1\u00a0Minute"},"schema":{"@context":"https:\/\/schema.org","@graph":[{"@type":"WebPage","@id":"https:\/\/luhacovice.cz\/akce\/akademie-vaclava-hudecka\/","url":"https:\/\/luhacovice.cz\/akce\/akademie-vaclava-hudecka\/","name":"Akademie V\u00e1clava Hude\u010dka - Luha\u010dovice.cz","isPartOf":{"@id":"https:\/\/luhacovice.cz\/#website"},"datePublished":"2022-06-10T06:48:17+00:00","dateModified":"2022-06-10T06:48:19+00:00","breadcrumb":{"@id":"https:\/\/luhacovice.cz\/akce\/akademie-vaclava-hudecka\/#breadcrumb"},"inLanguage":"de","potentialAction":[{"@type":"ReadAction","target":["https:\/\/luhacovice.cz\/akce\/akademie-vaclava-hudecka\/"]}]},{"@type":"BreadcrumbList","@id":"https:\/\/luhacovice.cz\/akce\/akademie-vaclava-hudecka\/#breadcrumb","itemListElement":[{"@type":"ListItem","position":1,"name":"Home","item":"https:\/\/luhacovice.cz\/de\/"},{"@type":"ListItem","position":2,"name":"Akce","item":"https:\/\/luhacovice.cz\/akce\/"},{"@type":"ListItem","position":3,"name":"Akademie V\u00e1clava Hude\u010dka"}]},{"@type":"WebSite","@id":"https:\/\/luhacovice.cz\/#website","url":"https:\/\/luhacovice.cz\/","name":"Luha\u010dovice.cz","description":"Turistick\u00fd port\u00e1l Luha\u010dovice Pozlovice","potentialAction":[{"@type":"SearchAction","target":{"@type":"EntryPoint","urlTemplate":"https:\/\/luhacovice.cz\/?s={search_term_string}"},"query-input":"required name=search_term_string"}],"inLanguage":"de"}]}},"_links":{"self":[{"href":"https:\/\/luhacovice.cz\/de\/wp-json\/wp\/v2\/akce\/1050927"}],"collection":[{"href":"https:\/\/luhacovice.cz\/de\/wp-json\/wp\/v2\/akce"}],"about":[{"href":"https:\/\/luhacovice.cz\/de\/wp-json\/wp\/v2\/types\/akce"}],"wp:featuredmedia":[{"embeddable":true,"href":"https:\/\/luhacovice.cz\/de\/wp-json\/wp\/v2\/media\/1050928"}],"wp:attachment":[{"href":"https:\/\/luhacovice.cz\/de\/wp-json\/wp\/v2\/media?parent=1050927"}],"wp:term":[{"taxonomy":"druhy_akci","embeddable":true,"href":"https:\/\/luhacovice.cz\/de\/wp-json\/wp\/v2\/druhy_akci?post=1050927"}],"curies":[{"name":"wp","href":"https:\/\/api.w.org\/{rel}","templated":true}]}}