{"id":5426,"date":"2012-04-26T00:00:00","date_gmt":"2012-04-25T22:00:00","guid":{"rendered":"https:\/\/luhacovice.cz\/akce\/592a-hudba-tanec-poslech-dh-vlcnovjanka-z-vlcnova-moravske-slovacko\/"},"modified":"2012-04-26T00:00:00","modified_gmt":"2012-04-25T22:00:00","slug":"592a-hudba-tanec-poslech-dh-vlcnovjanka-z-vlcnova-moravske-slovacko","status":"publish","type":"akce","link":"https:\/\/luhacovice.cz\/de\/akce\/592a-hudba-tanec-poslech-dh-vlcnovjanka-z-vlcnova-moravske-slovacko\/","title":{"rendered":"Hudba, tanec, poslech \/ DH Vl\u010dnovjanka z Vl\u010dnova \/ Moravsk\u00e9 Slov\u00e1cko"},"content":{"rendered":"<p>V\u00a0z\u00e1v\u011bru roku 2012 oslav\u00ed ji\u017e 35. v\u00fdro\u010d\u00ed od zalo\u017een\u00ed souboru. Po celou dobu existence se prezentujeme jako Slov\u00e1ck\u00e1 krojovan\u00e1 dechov\u00e1 hudba Vl\u010dnovjanka. Je tak\u00e9 jedna z\u00a0m\u00e1la kapel, kter\u00e1 tuto tradici d\u016fsledn\u011b dodr\u017euje, nehled\u011b k\u00a0tomu jak je n\u00e1ro\u010dn\u00e1 \u00fadr\u017eba vl\u010dnovsk\u00e9ho kroje.<\/p>\n<p>Kapelu zalo\u017eil v roce 1978 trumpetista Anton\u00edn Kon\u00ed\u010dek v srdci Slov\u00e1cka ve Vl\u010dnov\u011b. V \u0159ad\u00e1ch Vl\u010dnovjanky hraj\u00ed v\u00fdborn\u00ed amat\u00e9\u0159i a profesion\u00e1ln\u00ed hudebn\u00edci v \u010dele s um\u011bleck\u00fdm vedouc\u00edm a kapeln\u00edkem Pavlem Neva\u0159ilem, rod\u00e1kem z Vl\u010dnova, povol\u00e1n\u00edm trombonistou FBH Zl\u00edn. Program koncert\u016f\u00a0 je sestaven jednak z \u00faprav lidov\u00fdch p\u00edsn\u00ed moravsko-slov\u00e1ck\u00e9ho regionu a d\u00e1le z p\u016fvodn\u00ed tvorby p\u0159edn\u00edch hudebn\u00edch skladatel\u016f tohoto hudebn\u00edho \u017e\u00e1nru. Kapela b\u00fdv\u00e1 hostem \u010cT a rozhlasu ve zn\u00e1m\u00fdch dechovkov\u00fdch po\u0159adech.<\/p>\n<p>DH vystupuje v kroji.<\/p>\n<p>D\u00e9lka po\u0159adu 19.00hod. &#8211; 22.30hod., stolov\u00e9 uspo\u0159\u00e1d\u00e1n\u00ed s tane\u010dn\u00edm parketem, klimatizovan\u00fd s\u00e1l.<\/p>\n<h5><strong>\u00da\u010dinkuj\u00edc\u00ed: Jind\u0159ich Pon\u00ed\u017eil, Tom\u00e1\u0161 \u010cernoch, Pavol Prostr\u010den\u00fd, Ji\u0159\u00ed Mikel \u2013 k\u0159\u00eddlovky, Ji\u0159\u00ed Sl\u00e1dek \u2013 I.B klarinet,\u00a0 David Pol\u00e1ch\u00a0\u2013 Es klarinet, Anton\u00edn Lamich \u2013 tenor, Zden\u011bk Gahura \u2013 baryton, Pavel Neva\u0159il um\u011bleck\u00fd vedouc\u00ed\u00a0 -melodick\u00fd pozoun, Josef Mahdal\u00edk \u2013 pozoun, Ji\u0159\u00ed Dohnal \u2013 megafon, Miroslav D\u016fbrava \u2013 pozoun, Miloslav \u017dv\u00e1\u010dek \u2013 tuba, Jana Mina\u0159\u00edkov\u00e1, Josef Malina, Lubom\u00edr Ma\u010dek &#8211; zp\u011bv\u00e1ci<\/strong><\/h5>\n","protected":false},"featured_media":0,"template":"","meta":[],"druhy_akci":[23],"yoast_head":"<!-- This site is optimized with the Yoast SEO plugin v20.4 - https:\/\/yoast.com\/wordpress\/plugins\/seo\/ -->\n<title>Hudba, tanec, poslech \/ DH Vl\u010dnovjanka z Vl\u010dnova \/ Moravsk\u00e9 Slov\u00e1cko - Luha\u010dovice.cz<\/title>\n<meta name=\"robots\" content=\"index, follow, max-snippet:-1, max-image-preview:large, max-video-preview:-1\" \/>\n<link rel=\"canonical\" href=\"https:\/\/luhacovice.cz\/akce\/592a-hudba-tanec-poslech-dh-vlcnovjanka-z-vlcnova-moravske-slovacko\/\" \/>\n<meta property=\"og:locale\" content=\"de_DE\" \/>\n<meta property=\"og:type\" content=\"article\" \/>\n<meta property=\"og:title\" content=\"Hudba, tanec, poslech \/ DH Vl\u010dnovjanka z Vl\u010dnova \/ Moravsk\u00e9 Slov\u00e1cko - Luha\u010dovice.cz\" \/>\n<meta property=\"og:description\" content=\"V\u00a0z\u00e1v\u011bru roku 2012 oslav\u00ed ji\u017e 35. v\u00fdro\u010d\u00ed od zalo\u017een\u00ed souboru. Po celou dobu existence se prezentujeme jako Slov\u00e1ck\u00e1 krojovan\u00e1 dechov\u00e1 hudba Vl\u010dnovjanka. Je tak\u00e9 jedna z\u00a0m\u00e1la kapel, kter\u00e1 tuto tradici d\u016fsledn\u011b dodr\u017euje, nehled\u011b k\u00a0tomu jak je n\u00e1ro\u010dn\u00e1 \u00fadr\u017eba vl\u010dnovsk\u00e9ho kroje. Kapelu zalo\u017eil v roce 1978 trumpetista Anton\u00edn Kon\u00ed\u010dek v srdci Slov\u00e1cka ve Vl\u010dnov\u011b. V \u0159ad\u00e1ch... Artikel ansehen\" \/>\n<meta property=\"og:url\" content=\"https:\/\/luhacovice.cz\/akce\/592a-hudba-tanec-poslech-dh-vlcnovjanka-z-vlcnova-moravske-slovacko\/\" \/>\n<meta property=\"og:site_name\" content=\"Luha\u010dovice.cz\" \/>\n<meta name=\"twitter:card\" content=\"summary_large_image\" \/>\n<meta name=\"twitter:label1\" content=\"Gesch\u00e4tzte Lesezeit\" \/>\n\t<meta name=\"twitter:data1\" content=\"1\u00a0Minute\" \/>\n<script type=\"application\/ld+json\" class=\"yoast-schema-graph\">{\"@context\":\"https:\/\/schema.org\",\"@graph\":[{\"@type\":\"WebPage\",\"@id\":\"https:\/\/luhacovice.cz\/akce\/592a-hudba-tanec-poslech-dh-vlcnovjanka-z-vlcnova-moravske-slovacko\/\",\"url\":\"https:\/\/luhacovice.cz\/akce\/592a-hudba-tanec-poslech-dh-vlcnovjanka-z-vlcnova-moravske-slovacko\/\",\"name\":\"Hudba, tanec, poslech \/ DH Vl\u010dnovjanka z Vl\u010dnova \/ Moravsk\u00e9 Slov\u00e1cko - Luha\u010dovice.cz\",\"isPartOf\":{\"@id\":\"https:\/\/luhacovice.cz\/#website\"},\"datePublished\":\"2012-04-25T22:00:00+00:00\",\"dateModified\":\"2012-04-25T22:00:00+00:00\",\"breadcrumb\":{\"@id\":\"https:\/\/luhacovice.cz\/akce\/592a-hudba-tanec-poslech-dh-vlcnovjanka-z-vlcnova-moravske-slovacko\/#breadcrumb\"},\"inLanguage\":\"de\",\"potentialAction\":[{\"@type\":\"ReadAction\",\"target\":[\"https:\/\/luhacovice.cz\/akce\/592a-hudba-tanec-poslech-dh-vlcnovjanka-z-vlcnova-moravske-slovacko\/\"]}]},{\"@type\":\"BreadcrumbList\",\"@id\":\"https:\/\/luhacovice.cz\/akce\/592a-hudba-tanec-poslech-dh-vlcnovjanka-z-vlcnova-moravske-slovacko\/#breadcrumb\",\"itemListElement\":[{\"@type\":\"ListItem\",\"position\":1,\"name\":\"Home\",\"item\":\"https:\/\/luhacovice.cz\/de\/\"},{\"@type\":\"ListItem\",\"position\":2,\"name\":\"Akce\",\"item\":\"https:\/\/luhacovice.cz\/akce\/\"},{\"@type\":\"ListItem\",\"position\":3,\"name\":\"Hudba, tanec, poslech \/ DH Vl\u010dnovjanka z Vl\u010dnova \/ Moravsk\u00e9 Slov\u00e1cko\"}]},{\"@type\":\"WebSite\",\"@id\":\"https:\/\/luhacovice.cz\/#website\",\"url\":\"https:\/\/luhacovice.cz\/\",\"name\":\"Luha\u010dovice.cz\",\"description\":\"Turistick\u00fd port\u00e1l Luha\u010dovice Pozlovice\",\"potentialAction\":[{\"@type\":\"SearchAction\",\"target\":{\"@type\":\"EntryPoint\",\"urlTemplate\":\"https:\/\/luhacovice.cz\/?s={search_term_string}\"},\"query-input\":\"required name=search_term_string\"}],\"inLanguage\":\"de\"}]}<\/script>\n<!-- \/ Yoast SEO plugin. -->","yoast_head_json":{"title":"Hudba, tanec, poslech \/ DH Vl\u010dnovjanka z Vl\u010dnova \/ Moravsk\u00e9 Slov\u00e1cko - Luha\u010dovice.cz","robots":{"index":"index","follow":"follow","max-snippet":"max-snippet:-1","max-image-preview":"max-image-preview:large","max-video-preview":"max-video-preview:-1"},"canonical":"https:\/\/luhacovice.cz\/akce\/592a-hudba-tanec-poslech-dh-vlcnovjanka-z-vlcnova-moravske-slovacko\/","og_locale":"de_DE","og_type":"article","og_title":"Hudba, tanec, poslech \/ DH Vl\u010dnovjanka z Vl\u010dnova \/ Moravsk\u00e9 Slov\u00e1cko - Luha\u010dovice.cz","og_description":"V\u00a0z\u00e1v\u011bru roku 2012 oslav\u00ed ji\u017e 35. v\u00fdro\u010d\u00ed od zalo\u017een\u00ed souboru. Po celou dobu existence se prezentujeme jako Slov\u00e1ck\u00e1 krojovan\u00e1 dechov\u00e1 hudba Vl\u010dnovjanka. Je tak\u00e9 jedna z\u00a0m\u00e1la kapel, kter\u00e1 tuto tradici d\u016fsledn\u011b dodr\u017euje, nehled\u011b k\u00a0tomu jak je n\u00e1ro\u010dn\u00e1 \u00fadr\u017eba vl\u010dnovsk\u00e9ho kroje. Kapelu zalo\u017eil v roce 1978 trumpetista Anton\u00edn Kon\u00ed\u010dek v srdci Slov\u00e1cka ve Vl\u010dnov\u011b. V \u0159ad\u00e1ch... Artikel ansehen","og_url":"https:\/\/luhacovice.cz\/akce\/592a-hudba-tanec-poslech-dh-vlcnovjanka-z-vlcnova-moravske-slovacko\/","og_site_name":"Luha\u010dovice.cz","twitter_card":"summary_large_image","twitter_misc":{"Gesch\u00e4tzte Lesezeit":"1\u00a0Minute"},"schema":{"@context":"https:\/\/schema.org","@graph":[{"@type":"WebPage","@id":"https:\/\/luhacovice.cz\/akce\/592a-hudba-tanec-poslech-dh-vlcnovjanka-z-vlcnova-moravske-slovacko\/","url":"https:\/\/luhacovice.cz\/akce\/592a-hudba-tanec-poslech-dh-vlcnovjanka-z-vlcnova-moravske-slovacko\/","name":"Hudba, tanec, poslech \/ DH Vl\u010dnovjanka z Vl\u010dnova \/ Moravsk\u00e9 Slov\u00e1cko - Luha\u010dovice.cz","isPartOf":{"@id":"https:\/\/luhacovice.cz\/#website"},"datePublished":"2012-04-25T22:00:00+00:00","dateModified":"2012-04-25T22:00:00+00:00","breadcrumb":{"@id":"https:\/\/luhacovice.cz\/akce\/592a-hudba-tanec-poslech-dh-vlcnovjanka-z-vlcnova-moravske-slovacko\/#breadcrumb"},"inLanguage":"de","potentialAction":[{"@type":"ReadAction","target":["https:\/\/luhacovice.cz\/akce\/592a-hudba-tanec-poslech-dh-vlcnovjanka-z-vlcnova-moravske-slovacko\/"]}]},{"@type":"BreadcrumbList","@id":"https:\/\/luhacovice.cz\/akce\/592a-hudba-tanec-poslech-dh-vlcnovjanka-z-vlcnova-moravske-slovacko\/#breadcrumb","itemListElement":[{"@type":"ListItem","position":1,"name":"Home","item":"https:\/\/luhacovice.cz\/de\/"},{"@type":"ListItem","position":2,"name":"Akce","item":"https:\/\/luhacovice.cz\/akce\/"},{"@type":"ListItem","position":3,"name":"Hudba, tanec, poslech \/ DH Vl\u010dnovjanka z Vl\u010dnova \/ Moravsk\u00e9 Slov\u00e1cko"}]},{"@type":"WebSite","@id":"https:\/\/luhacovice.cz\/#website","url":"https:\/\/luhacovice.cz\/","name":"Luha\u010dovice.cz","description":"Turistick\u00fd port\u00e1l Luha\u010dovice Pozlovice","potentialAction":[{"@type":"SearchAction","target":{"@type":"EntryPoint","urlTemplate":"https:\/\/luhacovice.cz\/?s={search_term_string}"},"query-input":"required name=search_term_string"}],"inLanguage":"de"}]}},"_links":{"self":[{"href":"https:\/\/luhacovice.cz\/de\/wp-json\/wp\/v2\/akce\/5426"}],"collection":[{"href":"https:\/\/luhacovice.cz\/de\/wp-json\/wp\/v2\/akce"}],"about":[{"href":"https:\/\/luhacovice.cz\/de\/wp-json\/wp\/v2\/types\/akce"}],"wp:attachment":[{"href":"https:\/\/luhacovice.cz\/de\/wp-json\/wp\/v2\/media?parent=5426"}],"wp:term":[{"taxonomy":"druhy_akci","embeddable":true,"href":"https:\/\/luhacovice.cz\/de\/wp-json\/wp\/v2\/druhy_akci?post=5426"}],"curies":[{"name":"wp","href":"https:\/\/api.w.org\/{rel}","templated":true}]}}