{"id":5443,"date":"2012-05-17T00:00:00","date_gmt":"2012-05-16T22:00:00","guid":{"rendered":"https:\/\/luhacovice.cz\/akce\/593a-dechova-hudba-k-tanci-a-poslechu-vacenovjaci-z-vacenovic-moravske-slovacko\/"},"modified":"2012-05-17T00:00:00","modified_gmt":"2012-05-16T22:00:00","slug":"593a-dechova-hudba-k-tanci-a-poslechu-vacenovjaci-z-vacenovic-moravske-slovacko","status":"publish","type":"akce","link":"https:\/\/luhacovice.cz\/de\/akce\/593a-dechova-hudba-k-tanci-a-poslechu-vacenovjaci-z-vacenovic-moravske-slovacko\/","title":{"rendered":"Dechov\u00e1 hudba k tanci a poslechu Vacenovj\u00e1ci z Vacenovic \/ Moravsk\u00e9 Slov\u00e1cko"},"content":{"rendered":"<p>Krojovan\u00e1 dechov\u00e1 hudba vznikla v\u00a0roce 1976\u00a0jako ml\u00e1de\u017enick\u00fd orchestr. Nyn\u011bj\u0161\u00edm kapeln\u00edkem je Petr Gruf\u00edk, kter\u00fd sou\u010dasn\u011b hraje na k\u0159\u00eddlovku. Vedle skladeb koncertn\u00edho charakteru se s\u00f3listy, hraje tak\u00e9 skladby lidov\u00e9 v\u00a0jejich\u017e t\u00f3nech jisk\u0159\u00ed poezie moravsk\u00e9ho Slov\u00e1cka a rytmus kraje, kter\u00e9mu se \u0159\u00edk\u00e1 \u201emalovan\u00fd\u201c. V\u00a0reperto\u00e1ru se objevuj\u00ed skladby autor\u016f jako nap\u0159. Bl. Smi\u0161ovsk\u00e9ho, Fr. Ma\u0148ase, M. R. Proch\u00e1zky, Z. Gursk\u00e9ho, J. Kone\u010dn\u00e9ho, St. P\u011bn\u010d\u00edka, Vl. Sal\u010d\u00e1ka a mnoha dal\u0161\u00edch. Dechov\u00e1 hudba Vacenovj\u00e1ci je zn\u00e1m\u00e1 z\u00a0rozhlasov\u00e9ho vys\u00edl\u00e1n\u00ed,\u00a0televize, hojn\u011b hostuje v zahrani\u010d\u00ed, z\u00edskala prvenstv\u00ed Zlat\u00e1 k\u0159\u00eddlovka v\u00a0roce 1992,\u00a0 vydala pro sv\u00e9 poslucha\u010de ji\u017e 20\u00a0nosi\u010d\u016f MC a CD.<\/p>\n<p>DH vystupuje v kroji.<\/p>\n<p>D\u00e9lka po\u0159adu 19.00hod. \u2013 22.30hod., stolov\u00e9 uspo\u0159\u00e1d\u00e1n\u00ed s tane\u010dn\u00edm parketem, klimatizovan\u00fd s\u00e1l.<\/p>\n<p>\u00da\u010dinkuj\u00edc\u00ed:<\/p>\n<p>Patrik Kronauer \u2013 klarinet Es, Petr Neduchal \u2013 Klarinet B, Franti\u0161ek Be\u010dka \u2013 k\u0159\u00eddlovka I\u00a0B, Petr Gruf\u00edk (kapeln\u00edk) \u2013 K\u0159\u00eddlovka II B, Marek Buben\u00ed\u010dek \u2013 trubka oblig., Rostislav\u00a0 Pavu\u010dek \u2013 tenor, Tom\u00e1\u0161 Wessely \u2013 baryton, Petr Doln\u00fd \u2013 pozoun, Franti\u0161ek Gruf\u00edk \u2013 melafon I, Pavel Ingr \u2013 melafon II, Lubo\u0161 \u0158eh\u00e1nek \u2013 tuba, Robert Oplo\u0161til \u2013 bic\u00ed, zp\u011bv \u2013 Karla Gruf\u00edkov\u00e1, Pavel Hyk\u0161.<\/p>\n","protected":false},"featured_media":0,"template":"","meta":[],"druhy_akci":[23],"yoast_head":"<!-- This site is optimized with the Yoast SEO plugin v20.4 - https:\/\/yoast.com\/wordpress\/plugins\/seo\/ -->\n<title>Dechov\u00e1 hudba k tanci a poslechu Vacenovj\u00e1ci z Vacenovic \/ Moravsk\u00e9 Slov\u00e1cko - Luha\u010dovice.cz<\/title>\n<meta name=\"robots\" content=\"index, follow, max-snippet:-1, max-image-preview:large, max-video-preview:-1\" \/>\n<link rel=\"canonical\" href=\"https:\/\/luhacovice.cz\/akce\/593a-dechova-hudba-k-tanci-a-poslechu-vacenovjaci-z-vacenovic-moravske-slovacko\/\" \/>\n<meta property=\"og:locale\" content=\"de_DE\" \/>\n<meta property=\"og:type\" content=\"article\" \/>\n<meta property=\"og:title\" content=\"Dechov\u00e1 hudba k tanci a poslechu Vacenovj\u00e1ci z Vacenovic \/ Moravsk\u00e9 Slov\u00e1cko - Luha\u010dovice.cz\" \/>\n<meta property=\"og:description\" content=\"Krojovan\u00e1 dechov\u00e1 hudba vznikla v\u00a0roce 1976\u00a0jako ml\u00e1de\u017enick\u00fd orchestr. Nyn\u011bj\u0161\u00edm kapeln\u00edkem je Petr Gruf\u00edk, kter\u00fd sou\u010dasn\u011b hraje na k\u0159\u00eddlovku. Vedle skladeb koncertn\u00edho charakteru se s\u00f3listy, hraje tak\u00e9 skladby lidov\u00e9 v\u00a0jejich\u017e t\u00f3nech jisk\u0159\u00ed poezie moravsk\u00e9ho Slov\u00e1cka a rytmus kraje, kter\u00e9mu se \u0159\u00edk\u00e1 \u201emalovan\u00fd\u201c. V\u00a0reperto\u00e1ru se objevuj\u00ed skladby autor\u016f jako nap\u0159. Bl. Smi\u0161ovsk\u00e9ho, Fr. Ma\u0148ase, M. R. Proch\u00e1zky,... Artikel ansehen\" \/>\n<meta property=\"og:url\" content=\"https:\/\/luhacovice.cz\/akce\/593a-dechova-hudba-k-tanci-a-poslechu-vacenovjaci-z-vacenovic-moravske-slovacko\/\" \/>\n<meta property=\"og:site_name\" content=\"Luha\u010dovice.cz\" \/>\n<meta name=\"twitter:card\" content=\"summary_large_image\" \/>\n<meta name=\"twitter:label1\" content=\"Gesch\u00e4tzte Lesezeit\" \/>\n\t<meta name=\"twitter:data1\" content=\"1\u00a0Minute\" \/>\n<script type=\"application\/ld+json\" class=\"yoast-schema-graph\">{\"@context\":\"https:\/\/schema.org\",\"@graph\":[{\"@type\":\"WebPage\",\"@id\":\"https:\/\/luhacovice.cz\/akce\/593a-dechova-hudba-k-tanci-a-poslechu-vacenovjaci-z-vacenovic-moravske-slovacko\/\",\"url\":\"https:\/\/luhacovice.cz\/akce\/593a-dechova-hudba-k-tanci-a-poslechu-vacenovjaci-z-vacenovic-moravske-slovacko\/\",\"name\":\"Dechov\u00e1 hudba k tanci a poslechu Vacenovj\u00e1ci z Vacenovic \/ Moravsk\u00e9 Slov\u00e1cko - Luha\u010dovice.cz\",\"isPartOf\":{\"@id\":\"https:\/\/luhacovice.cz\/#website\"},\"datePublished\":\"2012-05-16T22:00:00+00:00\",\"dateModified\":\"2012-05-16T22:00:00+00:00\",\"breadcrumb\":{\"@id\":\"https:\/\/luhacovice.cz\/akce\/593a-dechova-hudba-k-tanci-a-poslechu-vacenovjaci-z-vacenovic-moravske-slovacko\/#breadcrumb\"},\"inLanguage\":\"de\",\"potentialAction\":[{\"@type\":\"ReadAction\",\"target\":[\"https:\/\/luhacovice.cz\/akce\/593a-dechova-hudba-k-tanci-a-poslechu-vacenovjaci-z-vacenovic-moravske-slovacko\/\"]}]},{\"@type\":\"BreadcrumbList\",\"@id\":\"https:\/\/luhacovice.cz\/akce\/593a-dechova-hudba-k-tanci-a-poslechu-vacenovjaci-z-vacenovic-moravske-slovacko\/#breadcrumb\",\"itemListElement\":[{\"@type\":\"ListItem\",\"position\":1,\"name\":\"Home\",\"item\":\"https:\/\/luhacovice.cz\/de\/\"},{\"@type\":\"ListItem\",\"position\":2,\"name\":\"Akce\",\"item\":\"https:\/\/luhacovice.cz\/akce\/\"},{\"@type\":\"ListItem\",\"position\":3,\"name\":\"Dechov\u00e1 hudba k tanci a poslechu Vacenovj\u00e1ci z Vacenovic \/ Moravsk\u00e9 Slov\u00e1cko\"}]},{\"@type\":\"WebSite\",\"@id\":\"https:\/\/luhacovice.cz\/#website\",\"url\":\"https:\/\/luhacovice.cz\/\",\"name\":\"Luha\u010dovice.cz\",\"description\":\"Turistick\u00fd port\u00e1l Luha\u010dovice Pozlovice\",\"potentialAction\":[{\"@type\":\"SearchAction\",\"target\":{\"@type\":\"EntryPoint\",\"urlTemplate\":\"https:\/\/luhacovice.cz\/?s={search_term_string}\"},\"query-input\":\"required name=search_term_string\"}],\"inLanguage\":\"de\"}]}<\/script>\n<!-- \/ Yoast SEO plugin. -->","yoast_head_json":{"title":"Dechov\u00e1 hudba k tanci a poslechu Vacenovj\u00e1ci z Vacenovic \/ Moravsk\u00e9 Slov\u00e1cko - Luha\u010dovice.cz","robots":{"index":"index","follow":"follow","max-snippet":"max-snippet:-1","max-image-preview":"max-image-preview:large","max-video-preview":"max-video-preview:-1"},"canonical":"https:\/\/luhacovice.cz\/akce\/593a-dechova-hudba-k-tanci-a-poslechu-vacenovjaci-z-vacenovic-moravske-slovacko\/","og_locale":"de_DE","og_type":"article","og_title":"Dechov\u00e1 hudba k tanci a poslechu Vacenovj\u00e1ci z Vacenovic \/ Moravsk\u00e9 Slov\u00e1cko - Luha\u010dovice.cz","og_description":"Krojovan\u00e1 dechov\u00e1 hudba vznikla v\u00a0roce 1976\u00a0jako ml\u00e1de\u017enick\u00fd orchestr. Nyn\u011bj\u0161\u00edm kapeln\u00edkem je Petr Gruf\u00edk, kter\u00fd sou\u010dasn\u011b hraje na k\u0159\u00eddlovku. Vedle skladeb koncertn\u00edho charakteru se s\u00f3listy, hraje tak\u00e9 skladby lidov\u00e9 v\u00a0jejich\u017e t\u00f3nech jisk\u0159\u00ed poezie moravsk\u00e9ho Slov\u00e1cka a rytmus kraje, kter\u00e9mu se \u0159\u00edk\u00e1 \u201emalovan\u00fd\u201c. V\u00a0reperto\u00e1ru se objevuj\u00ed skladby autor\u016f jako nap\u0159. Bl. Smi\u0161ovsk\u00e9ho, Fr. Ma\u0148ase, M. R. Proch\u00e1zky,... Artikel ansehen","og_url":"https:\/\/luhacovice.cz\/akce\/593a-dechova-hudba-k-tanci-a-poslechu-vacenovjaci-z-vacenovic-moravske-slovacko\/","og_site_name":"Luha\u010dovice.cz","twitter_card":"summary_large_image","twitter_misc":{"Gesch\u00e4tzte Lesezeit":"1\u00a0Minute"},"schema":{"@context":"https:\/\/schema.org","@graph":[{"@type":"WebPage","@id":"https:\/\/luhacovice.cz\/akce\/593a-dechova-hudba-k-tanci-a-poslechu-vacenovjaci-z-vacenovic-moravske-slovacko\/","url":"https:\/\/luhacovice.cz\/akce\/593a-dechova-hudba-k-tanci-a-poslechu-vacenovjaci-z-vacenovic-moravske-slovacko\/","name":"Dechov\u00e1 hudba k tanci a poslechu Vacenovj\u00e1ci z Vacenovic \/ Moravsk\u00e9 Slov\u00e1cko - Luha\u010dovice.cz","isPartOf":{"@id":"https:\/\/luhacovice.cz\/#website"},"datePublished":"2012-05-16T22:00:00+00:00","dateModified":"2012-05-16T22:00:00+00:00","breadcrumb":{"@id":"https:\/\/luhacovice.cz\/akce\/593a-dechova-hudba-k-tanci-a-poslechu-vacenovjaci-z-vacenovic-moravske-slovacko\/#breadcrumb"},"inLanguage":"de","potentialAction":[{"@type":"ReadAction","target":["https:\/\/luhacovice.cz\/akce\/593a-dechova-hudba-k-tanci-a-poslechu-vacenovjaci-z-vacenovic-moravske-slovacko\/"]}]},{"@type":"BreadcrumbList","@id":"https:\/\/luhacovice.cz\/akce\/593a-dechova-hudba-k-tanci-a-poslechu-vacenovjaci-z-vacenovic-moravske-slovacko\/#breadcrumb","itemListElement":[{"@type":"ListItem","position":1,"name":"Home","item":"https:\/\/luhacovice.cz\/de\/"},{"@type":"ListItem","position":2,"name":"Akce","item":"https:\/\/luhacovice.cz\/akce\/"},{"@type":"ListItem","position":3,"name":"Dechov\u00e1 hudba k tanci a poslechu Vacenovj\u00e1ci z Vacenovic \/ Moravsk\u00e9 Slov\u00e1cko"}]},{"@type":"WebSite","@id":"https:\/\/luhacovice.cz\/#website","url":"https:\/\/luhacovice.cz\/","name":"Luha\u010dovice.cz","description":"Turistick\u00fd port\u00e1l Luha\u010dovice Pozlovice","potentialAction":[{"@type":"SearchAction","target":{"@type":"EntryPoint","urlTemplate":"https:\/\/luhacovice.cz\/?s={search_term_string}"},"query-input":"required name=search_term_string"}],"inLanguage":"de"}]}},"_links":{"self":[{"href":"https:\/\/luhacovice.cz\/de\/wp-json\/wp\/v2\/akce\/5443"}],"collection":[{"href":"https:\/\/luhacovice.cz\/de\/wp-json\/wp\/v2\/akce"}],"about":[{"href":"https:\/\/luhacovice.cz\/de\/wp-json\/wp\/v2\/types\/akce"}],"wp:attachment":[{"href":"https:\/\/luhacovice.cz\/de\/wp-json\/wp\/v2\/media?parent=5443"}],"wp:term":[{"taxonomy":"druhy_akci","embeddable":true,"href":"https:\/\/luhacovice.cz\/de\/wp-json\/wp\/v2\/druhy_akci?post=5443"}],"curies":[{"name":"wp","href":"https:\/\/api.w.org\/{rel}","templated":true}]}}