{"id":7558,"date":"2019-06-28T00:00:00","date_gmt":"2019-06-27T22:00:00","guid":{"rendered":"https:\/\/luhacovice.cz\/akce\/5044a-festival-luhovany-vincent\/"},"modified":"2019-06-28T00:00:00","modified_gmt":"2019-06-27T22:00:00","slug":"5044a-festival-luhovany-vincent","status":"publish","type":"akce","link":"https:\/\/luhacovice.cz\/de\/akce\/5044a-festival-luhovany-vincent\/","title":{"rendered":"Festival  \/ Luhovan\u00fd Vincent \/ P\u00e1te\u010dn\u00ed program"},"content":{"rendered":"<h1 class=\"post-title\">\u00a010:58\u201315:18<span class=\"event-room\" style=\"font-size: 12px; font-weight: normal;\" data-mce-mark=\"1\">R 889 SLOV\u00c1CK\u00dd EXPRES PRAHA HL. N. \u2013 LUHA\u010cOVICE<\/span><\/h1>\n<div id=\"tabs-holder\">\n<div class=\"tab-content\">\n<div id=\"tab-patek-28-6-2019\" class=\"tab-pane patek-28-6-2019  active\">\n<div class=\"row schedule-event b-bottom grey\">\n<div class=\"col-md-4 col-lg-3 event-speaker clearfix\">\n<div class=\"keynote-speaker\">\n<div class=\"speaker-data\">\n<h5>CESTA VLAKEM S PR\u016ePOV\u00cdDKAMI<\/h5>\n<\/div>\n<\/div>\n<\/div>\n<div class=\"col-md-6 col-lg-7 event-description\">\n<h4><a href=\"https:\/\/www.luhovanyvincent.cz\/schedule\/s-cumbou-vlakem-z-prahy-na-vincenta-host-lada-cumba\/\">S \u010cumbou vlakem z Prahy na Vincenta;\u00a0<br \/>host: La\u010fa \u010cumba<\/a><\/h4>\n<div class=\"event_desc\">\n<p><a rel=\"example1\" href=\"https:\/\/www.luhovanyvincent.cz\/wp-content\/uploads\/2019\/06\/cumba_foto_by_lukas_zentel.jpg\"><img decoding=\"async\" class=\"alignleft size-thumbnail wp-image-2445\" src=\"https:\/\/www.luhovanyvincent.cz\/wp-content\/uploads\/2019\/06\/cumba_foto_by_lukas_zentel-150x150.jpg\" alt=\"\" width=\"150\" height=\"150\" \/><\/a><\/p>\n<h6>\u00a0<\/h6>\n<\/div>\n<\/div>\n<\/div>\n<div class=\"row schedule-event b-bottom \">\n<div class=\"col-md-2 event-data\"><span class=\"event-time\">11:00\u201312:00<\/span><span class=\"event-room\">KINO ELEKTRA<\/span><\/div>\n<div class=\"col-md-4 col-lg-3 event-speaker clearfix\">\n<div class=\"keynote-speaker\">\n<div class=\"speaker-data\">\n<h5>PROJEKCE S BESEDOU<\/h5>\n<p>60\/40* k\u010d<\/p>\n<\/div>\n<\/div>\n<\/div>\n<div class=\"col-md-6 col-lg-7 event-description\">\n<h4><a href=\"https:\/\/www.luhovanyvincent.cz\/schedule\/predjari-r-a-host-martin-klusak\/\">P\u0159edja\u0159\u00ed,\u00a0<br \/>r. a host: Martin Klus\u00e1k<\/a><\/h4>\n<div class=\"event_desc\"><\/p>\n<h6>\u00a0<\/h6>\n<\/div>\n<\/div>\n<\/div>\n<div class=\"row schedule-event b-bottom grey\">\n<div class=\"col-md-2 event-data\"><span class=\"event-time\">11:00\u201312:30 13:30\u201315:00<\/span><span class=\"event-room\">JIZBA \u2013 ZAHR\u00c1DKA<\/span><\/div>\n<div class=\"col-md-4 col-lg-3 event-speaker clearfix\">\n<div class=\"keynote-speaker\">\n<div class=\"speaker-data\">\n<h5>WORKSHOP<\/h5>\n<p>6 x 30 min (nutn\u00e1 registrace \u2013 vstup voln\u00fd)<\/p>\n<\/div>\n<\/div>\n<\/div>\n<div class=\"col-md-6 col-lg-7 event-description\">\n<h4><a href=\"https:\/\/www.luhovanyvincent.cz\/schedule\/hodinovy-produkcni-2\/\">Hodinov\u00fd produk\u010dn\u00ed<\/a><\/h4>\n<div class=\"event_desc\"><\/p>\n<h6>\u00a0<\/h6>\n<\/div>\n<\/div>\n<\/div>\n<div class=\"row schedule-event b-bottom \">\n<div class=\"col-md-2 event-data\"><span class=\"event-time\">14:30\u201315:00<\/span><span class=\"event-room\">ARE\u00c1L L\u00c1ZN\u00cd, SRAZ POD SCHODY OTTOVKY<\/span><\/div>\n<div class=\"col-md-4 col-lg-3 event-speaker clearfix\">\n<div class=\"keynote-speaker\">\n<div class=\"speaker-data\">\n<h5>SITE-SPECIFIC PERFORMANCE<\/h5>\n<p>vstup voln\u00fd<\/p>\n<\/div>\n<\/div>\n<\/div>\n<div class=\"col-md-6 col-lg-7 event-description\">\n<h4><a href=\"https:\/\/www.luhovanyvincent.cz\/schedule\/the-falling-point-of-view-chen-nadler\/\">The Falling Point of View \u2013 Chen Nadler<\/a><\/h4>\n<div class=\"event_desc\"><\/p>\n<h6>\u00a0<\/h6>\n<\/div>\n<\/div>\n<\/div>\n<div class=\"row schedule-event b-bottom grey\">\n<div class=\"col-md-2 event-data\"><span class=\"event-time\">15:30\u201317:00<\/span><span class=\"event-room\">JIZBA \u2013 ZAHR\u00c1DKA<\/span><\/div>\n<div class=\"col-md-4 col-lg-3 event-speaker clearfix\">\n<div class=\"keynote-speaker\">\n<div class=\"speaker-data\">\n<h5>PERFORMANCE \u2013 VYS\u00cdL\u00c1N\u00cd<\/h5>\n<p>vstup voln\u00fd<\/p>\n<\/div>\n<\/div>\n<\/div>\n<div class=\"col-md-6 col-lg-7 event-description\">\n<h4><a href=\"https:\/\/www.luhovanyvincent.cz\/schedule\/radio-2355-soubor-1155\/\">Radio 23:55 soubor 11:55<\/a><\/h4>\n<div class=\"event_desc\">\n<p><\/div>\n<\/div>\n<\/div>\n<div class=\"row schedule-event b-bottom \">\n<div class=\"col-md-2 event-data\"><span class=\"event-time\">16:00\u201317:00<\/span><span class=\"event-room\">SLUNE\u010cN\u00cd L\u00c1ZN\u011a<\/span><\/div>\n<div class=\"col-md-4 col-lg-3 event-speaker clearfix\">\n<div class=\"keynote-speaker\">\n<div class=\"speaker-data\">\n<h5>ZAH\u00c1JEN\u00cd V\u00ddSTAVY, PROCH\u00c1ZKA A PERFORMANCE<\/h5>\n<p>vstup voln\u00fd<\/p>\n<\/div>\n<\/div>\n<\/div>\n<div class=\"col-md-6 col-lg-7 event-description\">\n<h4><a href=\"https:\/\/www.luhovanyvincent.cz\/schedule\/zahajeni-vystavy-prochazka-a-performance-barbora-zentkova-julia-grybos-rafani-juliana-hoschlova-slava-sobotovicova\/\">Zah\u00e1jen\u00ed v\u00fdstavy, proch\u00e1zka a performance,\u00a0<br \/>Barbora Zentkov\u00e1 &amp; Julia Grybo\u015b, Rafani, Juliana H\u00f6schlov\u00e1, Sl\u00e1va Sobotovi\u010dov\u00e1<\/a><\/h4>\n<div class=\"event_desc\"><\/p>\n<h6>\u00a0<\/h6>\n<\/div>\n<\/div>\n<\/div>\n<div class=\"row schedule-event b-bottom grey\">\n<div class=\"col-md-2 event-data\"><span class=\"event-time\">17:30\u201319:00<\/span><span class=\"event-room\">PALOUK NAD PRAMENEM ALOISKA<\/span><\/div>\n<div class=\"col-md-4 col-lg-3 event-speaker clearfix\">\n<div class=\"keynote-speaker\">\n<div class=\"speaker-data\">\n<h5>DIVADELN\u00cd P\u0158EDSTAVEN\u00cd PRO JEDNOHO DIV\u00c1KA<\/h5>\n<p>10 min (nutn\u00e1 registrace \u2013 vstup voln\u00fd)<\/p>\n<\/div>\n<\/div>\n<\/div>\n<div class=\"col-md-6 col-lg-7 event-description\">\n<h4><a href=\"https:\/\/www.luhovanyvincent.cz\/schedule\/kabinet-pameti-le-cabaret-nomade\/\">Kabinet pam\u011bt\u00ed \u2013 Le Cabaret Nomade<\/a><\/h4>\n<div class=\"event_desc\"><\/p>\n<h6>\u00a0<\/h6>\n<\/div>\n<\/div>\n<\/div>\n<div class=\"row schedule-event b-bottom \">\n<div class=\"col-md-2 event-data\"><span class=\"event-time\">17:30\u201319:00<\/span><span class=\"event-room\">JIZBA \u2013 ZAHR\u00c1DKA<\/span><\/div>\n<div class=\"col-md-4 col-lg-3 event-speaker clearfix\">\n<div class=\"keynote-speaker\">\n<div class=\"speaker-data\">\n<h5>PERFORMANCE \u2013 VYS\u00cdL\u00c1N\u00cd<\/h5>\n<p>vstup voln\u00fd<\/p>\n<\/div>\n<\/div>\n<\/div>\n<div class=\"col-md-6 col-lg-7 event-description\">\n<h4><a href=\"https:\/\/www.luhovanyvincent.cz\/schedule\/radio-2355-soubor-1155-2\/\">Radio 23:55 soubor 11:55<\/a><\/h4>\n<div class=\"event_desc\"><\/p>\n<h6>\u00a0<\/h6>\n<\/div>\n<\/div>\n<\/div>\n<div class=\"row schedule-event b-bottom grey\">\n<div class=\"col-md-2 event-data\"><span class=\"event-time\">19:00\u201321:00<\/span><span class=\"event-room\">JIZBA \u2013 ZAHR\u00c1DKA<\/span><\/div>\n<div class=\"col-md-4 col-lg-3 event-speaker clearfix\">\n<div class=\"keynote-speaker\">\n<div class=\"speaker-data\">\n<h5>CHILLOUT<\/h5>\n<p>vstup voln\u00fd<\/p>\n<\/div>\n<\/div>\n<\/div>\n<div class=\"col-md-6 col-lg-7 event-description\">\n<h4><a href=\"https:\/\/www.luhovanyvincent.cz\/schedule\/jizba-chillout-djs-tvprodukt\/\">Jizba chillout DJs: tvprodukt<\/a><\/h4>\n<div class=\"event_desc\"><\/p>\n<h6>\u00a0<\/h6>\n<\/div>\n<\/div>\n<\/div>\n<div class=\"row schedule-event b-bottom \">\n<div class=\"col-md-2 event-data\"><span class=\"event-time\">19:00\u201320:30<\/span><span class=\"event-room\">KINO ELEKTRA<\/span><\/div>\n<div class=\"col-md-4 col-lg-3 event-speaker clearfix\">\n<div class=\"keynote-speaker\">\n<div class=\"speaker-data\">\n<h5>PROJEKCE S BESEDOU<\/h5>\n<p>60\/40* k\u010d<\/p>\n<\/div>\n<\/div>\n<\/div>\n<div class=\"col-md-6 col-lg-7 event-description\">\n<h4><a href=\"https:\/\/www.luhovanyvincent.cz\/schedule\/problemy-prvniho-sveta-r-a-hoste-jakub-felcman-jan-hecht-anna-kopecka-elad-keidan-nepr\/\">Probl\u00e9my prvn\u00edho sv\u011bta,\u00a0<br \/>host\u00e9: Jakub Felcman, Jan Hecht, Anna Kopeck\u00e1<\/a><\/h4>\n<div class=\"event_desc\"><\/p>\n<h6>\u00a0<\/h6>\n<\/div>\n<\/div>\n<\/div>\n<div class=\"row schedule-event b-bottom grey\">\n<div class=\"col-md-2 event-data\"><span class=\"event-time\">21:00\u201322:30<\/span><span class=\"event-room\">DOMINO<\/span><\/div>\n<div class=\"col-md-4 col-lg-3 event-speaker clearfix\">\n<div class=\"keynote-speaker\">\n<div class=\"speaker-data\">\n<h5>PROJEKCE S BESEDOU<\/h5>\n<p>cena bude up\u0159esn\u011bna<\/p>\n<\/div>\n<\/div>\n<\/div>\n<div class=\"col-md-6 col-lg-7 event-description\">\n<h4><a href=\"https:\/\/www.luhovanyvincent.cz\/schedule\/jine-vize-2\/\">PAF: Jin\u00e9 vize CZ 2018<\/a><\/h4>\n<div class=\"event_desc\"><\/p>\n<h6>\u00a0<\/h6>\n<\/div>\n<\/div>\n<\/div>\n<div class=\"row schedule-event b-bottom \">\n<div class=\"col-md-2 event-data\"><span class=\"event-time\">21:00\u201322:00<\/span><span class=\"event-room\">DOMINO<\/span><\/div>\n<div class=\"col-md-4 col-lg-3 event-speaker clearfix\">\n<div class=\"keynote-speaker\">\n<div class=\"speaker-data\">\n<h5>KONCERT<\/h5>\n<p>150 k\u010d<\/p>\n<\/div>\n<\/div>\n<\/div>\n<div class=\"col-md-6 col-lg-7 event-description\">\n<h4><a href=\"https:\/\/www.luhovanyvincent.cz\/schedule\/panenske-plameny\/\">Panensk\u00e9 plameny<\/a><\/h4>\n<div class=\"event_desc\">\n<h6>\u00a0<\/h6>\n<\/div>\n<\/div>\n<\/div>\n<div class=\"row schedule-event b-bottom grey\">\n<div class=\"col-md-2 event-data\"><span class=\"event-time\">22:00\u201323:00<\/span><span class=\"event-room\">DOMINO<\/span><\/div>\n<div class=\"col-md-4 col-lg-3 event-speaker clearfix\">\n<div class=\"keynote-speaker\">\n<div class=\"speaker-data\">\n<h5>KONCERT<\/h5>\n<p>200 k\u010d<\/p>\n<\/div>\n<\/div>\n<\/div>\n<div class=\"col-md-6 col-lg-7 event-description\">\n<h4><a href=\"https:\/\/www.luhovanyvincent.cz\/schedule\/tosiro\/\">Tosiro<\/a><\/h4>\n<div class=\"event_desc\">\n<h6>\u00a0<\/h6>\n<\/div>\n<\/div>\n<\/div>\n<div class=\"row schedule-event b-bottom \">\n<div class=\"col-md-2 event-data\"><span class=\"event-time\">24:00<\/span><span class=\"event-room\">DOMINO<\/span><\/div>\n<div class=\"col-md-4 col-lg-3 event-speaker clearfix\">\n<div class=\"keynote-speaker\">\n<div class=\"speaker-data\">\n<h5>AFTERPARTY<\/h5>\n<p>200 k\u010d<\/p>\n<\/div>\n<\/div>\n<\/div>\n<div class=\"col-md-6 col-lg-7 event-description\">\n<h4><a href=\"https:\/\/www.luhovanyvincent.cz\/schedule\/wrong-corps\/\">Wrong Corps<\/a><\/h4>\n<\/div>\n<\/div>\n<\/div>\n<\/div>\n<\/div>\n","protected":false},"featured_media":0,"template":"","meta":[],"druhy_akci":[28],"yoast_head":"<!-- This site is optimized with the Yoast SEO plugin v20.4 - https:\/\/yoast.com\/wordpress\/plugins\/seo\/ -->\n<title>Festival \/ Luhovan\u00fd Vincent \/ P\u00e1te\u010dn\u00ed program - Luha\u010dovice.cz<\/title>\n<meta name=\"robots\" content=\"index, follow, max-snippet:-1, max-image-preview:large, max-video-preview:-1\" \/>\n<link rel=\"canonical\" href=\"https:\/\/luhacovice.cz\/akce\/5044a-festival-luhovany-vincent\/\" \/>\n<meta property=\"og:locale\" content=\"de_DE\" \/>\n<meta property=\"og:type\" content=\"article\" \/>\n<meta property=\"og:title\" content=\"Festival \/ Luhovan\u00fd Vincent \/ P\u00e1te\u010dn\u00ed program - Luha\u010dovice.cz\" \/>\n<meta property=\"og:description\" content=\"\u00a010:58\u201315:18R 889 SLOV\u00c1CK\u00dd EXPRES PRAHA HL. N. \u2013 LUHA\u010cOVICE CESTA VLAKEM S PR\u016ePOV\u00cdDKAMI S \u010cumbou vlakem z Prahy na Vincenta;\u00a0host: La\u010fa \u010cumba \u00a0 11:00\u201312:00KINO ELEKTRA PROJEKCE S BESEDOU 60\/40* k\u010d P\u0159edja\u0159\u00ed,\u00a0r. a host: Martin Klus\u00e1k \u00a0 11:00\u201312:30 13:30\u201315:00JIZBA \u2013 ZAHR\u00c1DKA WORKSHOP 6 x 30 min (nutn\u00e1 registrace \u2013 vstup voln\u00fd) Hodinov\u00fd produk\u010dn\u00ed \u00a0 14:30\u201315:00ARE\u00c1L L\u00c1ZN\u00cd,... Artikel ansehen\" \/>\n<meta property=\"og:url\" content=\"https:\/\/luhacovice.cz\/akce\/5044a-festival-luhovany-vincent\/\" \/>\n<meta property=\"og:site_name\" content=\"Luha\u010dovice.cz\" \/>\n<meta property=\"og:image\" content=\"https:\/\/www.luhovanyvincent.cz\/wp-content\/uploads\/2019\/06\/cumba_foto_by_lukas_zentel-150x150.jpg\" \/>\n<meta name=\"twitter:card\" content=\"summary_large_image\" \/>\n<meta name=\"twitter:label1\" content=\"Gesch\u00e4tzte Lesezeit\" \/>\n\t<meta name=\"twitter:data1\" content=\"1\u00a0Minute\" \/>\n<script type=\"application\/ld+json\" class=\"yoast-schema-graph\">{\"@context\":\"https:\/\/schema.org\",\"@graph\":[{\"@type\":\"WebPage\",\"@id\":\"https:\/\/luhacovice.cz\/akce\/5044a-festival-luhovany-vincent\/\",\"url\":\"https:\/\/luhacovice.cz\/akce\/5044a-festival-luhovany-vincent\/\",\"name\":\"Festival \/ Luhovan\u00fd Vincent \/ P\u00e1te\u010dn\u00ed program - Luha\u010dovice.cz\",\"isPartOf\":{\"@id\":\"https:\/\/luhacovice.cz\/#website\"},\"datePublished\":\"2019-06-27T22:00:00+00:00\",\"dateModified\":\"2019-06-27T22:00:00+00:00\",\"breadcrumb\":{\"@id\":\"https:\/\/luhacovice.cz\/akce\/5044a-festival-luhovany-vincent\/#breadcrumb\"},\"inLanguage\":\"de\",\"potentialAction\":[{\"@type\":\"ReadAction\",\"target\":[\"https:\/\/luhacovice.cz\/akce\/5044a-festival-luhovany-vincent\/\"]}]},{\"@type\":\"BreadcrumbList\",\"@id\":\"https:\/\/luhacovice.cz\/akce\/5044a-festival-luhovany-vincent\/#breadcrumb\",\"itemListElement\":[{\"@type\":\"ListItem\",\"position\":1,\"name\":\"Home\",\"item\":\"https:\/\/luhacovice.cz\/de\/\"},{\"@type\":\"ListItem\",\"position\":2,\"name\":\"Akce\",\"item\":\"https:\/\/luhacovice.cz\/akce\/\"},{\"@type\":\"ListItem\",\"position\":3,\"name\":\"Festival \/ Luhovan\u00fd Vincent \/ P\u00e1te\u010dn\u00ed program\"}]},{\"@type\":\"WebSite\",\"@id\":\"https:\/\/luhacovice.cz\/#website\",\"url\":\"https:\/\/luhacovice.cz\/\",\"name\":\"Luha\u010dovice.cz\",\"description\":\"Turistick\u00fd port\u00e1l Luha\u010dovice Pozlovice\",\"potentialAction\":[{\"@type\":\"SearchAction\",\"target\":{\"@type\":\"EntryPoint\",\"urlTemplate\":\"https:\/\/luhacovice.cz\/?s={search_term_string}\"},\"query-input\":\"required name=search_term_string\"}],\"inLanguage\":\"de\"}]}<\/script>\n<!-- \/ Yoast SEO plugin. -->","yoast_head_json":{"title":"Festival \/ Luhovan\u00fd Vincent \/ P\u00e1te\u010dn\u00ed program - Luha\u010dovice.cz","robots":{"index":"index","follow":"follow","max-snippet":"max-snippet:-1","max-image-preview":"max-image-preview:large","max-video-preview":"max-video-preview:-1"},"canonical":"https:\/\/luhacovice.cz\/akce\/5044a-festival-luhovany-vincent\/","og_locale":"de_DE","og_type":"article","og_title":"Festival \/ Luhovan\u00fd Vincent \/ P\u00e1te\u010dn\u00ed program - Luha\u010dovice.cz","og_description":"\u00a010:58\u201315:18R 889 SLOV\u00c1CK\u00dd EXPRES PRAHA HL. N. \u2013 LUHA\u010cOVICE CESTA VLAKEM S PR\u016ePOV\u00cdDKAMI S \u010cumbou vlakem z Prahy na Vincenta;\u00a0host: La\u010fa \u010cumba \u00a0 11:00\u201312:00KINO ELEKTRA PROJEKCE S BESEDOU 60\/40* k\u010d P\u0159edja\u0159\u00ed,\u00a0r. a host: Martin Klus\u00e1k \u00a0 11:00\u201312:30 13:30\u201315:00JIZBA \u2013 ZAHR\u00c1DKA WORKSHOP 6 x 30 min (nutn\u00e1 registrace \u2013 vstup voln\u00fd) Hodinov\u00fd produk\u010dn\u00ed \u00a0 14:30\u201315:00ARE\u00c1L L\u00c1ZN\u00cd,... Artikel ansehen","og_url":"https:\/\/luhacovice.cz\/akce\/5044a-festival-luhovany-vincent\/","og_site_name":"Luha\u010dovice.cz","og_image":[{"url":"https:\/\/www.luhovanyvincent.cz\/wp-content\/uploads\/2019\/06\/cumba_foto_by_lukas_zentel-150x150.jpg"}],"twitter_card":"summary_large_image","twitter_misc":{"Gesch\u00e4tzte Lesezeit":"1\u00a0Minute"},"schema":{"@context":"https:\/\/schema.org","@graph":[{"@type":"WebPage","@id":"https:\/\/luhacovice.cz\/akce\/5044a-festival-luhovany-vincent\/","url":"https:\/\/luhacovice.cz\/akce\/5044a-festival-luhovany-vincent\/","name":"Festival \/ Luhovan\u00fd Vincent \/ P\u00e1te\u010dn\u00ed program - Luha\u010dovice.cz","isPartOf":{"@id":"https:\/\/luhacovice.cz\/#website"},"datePublished":"2019-06-27T22:00:00+00:00","dateModified":"2019-06-27T22:00:00+00:00","breadcrumb":{"@id":"https:\/\/luhacovice.cz\/akce\/5044a-festival-luhovany-vincent\/#breadcrumb"},"inLanguage":"de","potentialAction":[{"@type":"ReadAction","target":["https:\/\/luhacovice.cz\/akce\/5044a-festival-luhovany-vincent\/"]}]},{"@type":"BreadcrumbList","@id":"https:\/\/luhacovice.cz\/akce\/5044a-festival-luhovany-vincent\/#breadcrumb","itemListElement":[{"@type":"ListItem","position":1,"name":"Home","item":"https:\/\/luhacovice.cz\/de\/"},{"@type":"ListItem","position":2,"name":"Akce","item":"https:\/\/luhacovice.cz\/akce\/"},{"@type":"ListItem","position":3,"name":"Festival \/ Luhovan\u00fd Vincent \/ P\u00e1te\u010dn\u00ed program"}]},{"@type":"WebSite","@id":"https:\/\/luhacovice.cz\/#website","url":"https:\/\/luhacovice.cz\/","name":"Luha\u010dovice.cz","description":"Turistick\u00fd port\u00e1l Luha\u010dovice Pozlovice","potentialAction":[{"@type":"SearchAction","target":{"@type":"EntryPoint","urlTemplate":"https:\/\/luhacovice.cz\/?s={search_term_string}"},"query-input":"required name=search_term_string"}],"inLanguage":"de"}]}},"_links":{"self":[{"href":"https:\/\/luhacovice.cz\/de\/wp-json\/wp\/v2\/akce\/7558"}],"collection":[{"href":"https:\/\/luhacovice.cz\/de\/wp-json\/wp\/v2\/akce"}],"about":[{"href":"https:\/\/luhacovice.cz\/de\/wp-json\/wp\/v2\/types\/akce"}],"wp:attachment":[{"href":"https:\/\/luhacovice.cz\/de\/wp-json\/wp\/v2\/media?parent=7558"}],"wp:term":[{"taxonomy":"druhy_akci","embeddable":true,"href":"https:\/\/luhacovice.cz\/de\/wp-json\/wp\/v2\/druhy_akci?post=7558"}],"curies":[{"name":"wp","href":"https:\/\/api.w.org\/{rel}","templated":true}]}}