{"id":5521,"date":"2012-07-25T00:00:00","date_gmt":"2012-07-24T22:00:00","guid":{"rendered":"https:\/\/luhacovice.cz\/akce\/547a-koncert-carmen-a-flameco-spanelsky-vecer\/"},"modified":"2012-07-25T00:00:00","modified_gmt":"2012-07-24T22:00:00","slug":"547a-koncert-carmen-a-flameco-spanelsky-vecer","status":"publish","type":"akce","link":"https:\/\/luhacovice.cz\/en\/akce\/547a-koncert-carmen-a-flameco-spanelsky-vecer\/","title":{"rendered":"Koncert \/ Carmen a  Flameco \u2013 \u0160pan\u011blsk\u00fd ve\u010der"},"content":{"rendered":"<p><span style=\"color: black;\"><a href=\"http:\/\/luhacovice.cz\/wcd\/actions\/2012\/07\/carmen.jpg\" title=\"carmen\" rel=\"example1\"><img decoding=\"async\" class=\"img imgl\" src=\"http:\/\/luhacovice.cz\/wcd\/actions\/2012\/07\/thumb\/carmen.jpg\" border=\"0\" title=\"carmen\" width=\"134\" height=\"190\" \/><\/a>Projekt p\u0159edstav\u00ed nejkr\u00e1sn\u011bj\u0161\u00ed Bizetovy skladby z\u00a0Carmen, ale i\u00a0dal\u0161\u00ed skladby. Z\u00e1v\u011br ve\u010dera bude pat\u0159it tanci kastan\u011bt. Jedn\u00e1 se tak\u00e9 o n\u00e1dhernou pod\u00edvanou. Carmen obl\u00e9kl do kost\u00fdmu zn\u00e1m\u00fd n\u00e1vrh\u00e1\u0159 Osmany Laffita a i\u00a0Lolita Karpenko bude m\u00edt b\u011bhem ve\u010dera n\u011bkolikero\u00a0\u0161at\u016f jeho zna\u010dky. <\/span><\/p>\n<p>Hudebn\u011b p\u011bveck\u00fd\u00a0 koncert za doprovodu tance flamenco<\/p>\n<p>\u00da\u010dinkuj\u00ed: Edita Adlerov\u00e1 \u2013 zp\u011bv, Lolita Lola Karpenko\u00a0 \u2013 \u00a0tane\u010dnice flamenca, Hudebn\u00ed skupina M. \u017d\u00e1ry \u00a0\u2013 \u00a0\u00a0kytara, housle, cajon<\/p>\n<p>D\u00e9lka programu: 80 minut bez p\u0159est\u00e1vky<\/p>\n<p>Na konci po\u0159adu autogrami\u00e1da a fotografov\u00e1n\u00ed<\/p>\n<p>UPOZORN\u011aN\u00cd: B\u011bhem po\u0159adu je zak\u00e1z\u00e1no fotografovat a po\u0159izovat obrazov\u00fd a zvukov\u00fd z\u00e1znam<\/p>\n","protected":false},"featured_media":0,"template":"","meta":[],"druhy_akci":[23],"yoast_head":"<!-- This site is optimized with the Yoast SEO plugin v20.4 - https:\/\/yoast.com\/wordpress\/plugins\/seo\/ -->\n<title>Koncert \/ Carmen a Flameco \u2013 \u0160pan\u011blsk\u00fd ve\u010der - Luha\u010dovice.cz<\/title>\n<meta name=\"robots\" content=\"index, follow, max-snippet:-1, max-image-preview:large, max-video-preview:-1\" \/>\n<link rel=\"canonical\" href=\"https:\/\/luhacovice.cz\/akce\/547a-koncert-carmen-a-flameco-spanelsky-vecer\/\" \/>\n<meta property=\"og:locale\" content=\"en_US\" \/>\n<meta property=\"og:type\" content=\"article\" \/>\n<meta property=\"og:title\" content=\"Koncert \/ Carmen a Flameco \u2013 \u0160pan\u011blsk\u00fd ve\u010der - Luha\u010dovice.cz\" \/>\n<meta property=\"og:description\" content=\"Projekt p\u0159edstav\u00ed nejkr\u00e1sn\u011bj\u0161\u00ed Bizetovy skladby z\u00a0Carmen, ale i\u00a0dal\u0161\u00ed skladby. Z\u00e1v\u011br ve\u010dera bude pat\u0159it tanci kastan\u011bt. Jedn\u00e1 se tak\u00e9 o n\u00e1dhernou pod\u00edvanou. Carmen obl\u00e9kl do kost\u00fdmu zn\u00e1m\u00fd n\u00e1vrh\u00e1\u0159 Osmany Laffita a i\u00a0Lolita Karpenko bude m\u00edt b\u011bhem ve\u010dera n\u011bkolikero\u00a0\u0161at\u016f jeho zna\u010dky. Hudebn\u011b p\u011bveck\u00fd\u00a0 koncert za doprovodu tance flamenco \u00da\u010dinkuj\u00ed: Edita Adlerov\u00e1 \u2013 zp\u011bv, Lolita Lola Karpenko\u00a0 \u2013... View Article\" \/>\n<meta property=\"og:url\" content=\"https:\/\/luhacovice.cz\/akce\/547a-koncert-carmen-a-flameco-spanelsky-vecer\/\" \/>\n<meta property=\"og:site_name\" content=\"Luha\u010dovice.cz\" \/>\n<meta property=\"og:image\" content=\"http:\/\/luhacovice.cz\/wcd\/actions\/2012\/07\/thumb\/carmen.jpg\" \/>\n<meta name=\"twitter:card\" content=\"summary_large_image\" \/>\n<meta name=\"twitter:label1\" content=\"Est. reading time\" \/>\n\t<meta name=\"twitter:data1\" content=\"1 minute\" \/>\n<script type=\"application\/ld+json\" class=\"yoast-schema-graph\">{\"@context\":\"https:\/\/schema.org\",\"@graph\":[{\"@type\":\"WebPage\",\"@id\":\"https:\/\/luhacovice.cz\/akce\/547a-koncert-carmen-a-flameco-spanelsky-vecer\/\",\"url\":\"https:\/\/luhacovice.cz\/akce\/547a-koncert-carmen-a-flameco-spanelsky-vecer\/\",\"name\":\"Koncert \/ Carmen a Flameco \u2013 \u0160pan\u011blsk\u00fd ve\u010der - Luha\u010dovice.cz\",\"isPartOf\":{\"@id\":\"https:\/\/luhacovice.cz\/#website\"},\"datePublished\":\"2012-07-24T22:00:00+00:00\",\"dateModified\":\"2012-07-24T22:00:00+00:00\",\"breadcrumb\":{\"@id\":\"https:\/\/luhacovice.cz\/akce\/547a-koncert-carmen-a-flameco-spanelsky-vecer\/#breadcrumb\"},\"inLanguage\":\"en-US\",\"potentialAction\":[{\"@type\":\"ReadAction\",\"target\":[\"https:\/\/luhacovice.cz\/akce\/547a-koncert-carmen-a-flameco-spanelsky-vecer\/\"]}]},{\"@type\":\"BreadcrumbList\",\"@id\":\"https:\/\/luhacovice.cz\/akce\/547a-koncert-carmen-a-flameco-spanelsky-vecer\/#breadcrumb\",\"itemListElement\":[{\"@type\":\"ListItem\",\"position\":1,\"name\":\"Home\",\"item\":\"https:\/\/luhacovice.cz\/en\/\"},{\"@type\":\"ListItem\",\"position\":2,\"name\":\"Akce\",\"item\":\"https:\/\/luhacovice.cz\/akce\/\"},{\"@type\":\"ListItem\",\"position\":3,\"name\":\"Koncert \/ Carmen a Flameco \u2013 \u0160pan\u011blsk\u00fd ve\u010der\"}]},{\"@type\":\"WebSite\",\"@id\":\"https:\/\/luhacovice.cz\/#website\",\"url\":\"https:\/\/luhacovice.cz\/\",\"name\":\"Luha\u010dovice.cz\",\"description\":\"Turistick\u00fd port\u00e1l Luha\u010dovice Pozlovice\",\"potentialAction\":[{\"@type\":\"SearchAction\",\"target\":{\"@type\":\"EntryPoint\",\"urlTemplate\":\"https:\/\/luhacovice.cz\/?s={search_term_string}\"},\"query-input\":\"required name=search_term_string\"}],\"inLanguage\":\"en-US\"}]}<\/script>\n<!-- \/ Yoast SEO plugin. -->","yoast_head_json":{"title":"Koncert \/ Carmen a Flameco \u2013 \u0160pan\u011blsk\u00fd ve\u010der - Luha\u010dovice.cz","robots":{"index":"index","follow":"follow","max-snippet":"max-snippet:-1","max-image-preview":"max-image-preview:large","max-video-preview":"max-video-preview:-1"},"canonical":"https:\/\/luhacovice.cz\/akce\/547a-koncert-carmen-a-flameco-spanelsky-vecer\/","og_locale":"en_US","og_type":"article","og_title":"Koncert \/ Carmen a Flameco \u2013 \u0160pan\u011blsk\u00fd ve\u010der - Luha\u010dovice.cz","og_description":"Projekt p\u0159edstav\u00ed nejkr\u00e1sn\u011bj\u0161\u00ed Bizetovy skladby z\u00a0Carmen, ale i\u00a0dal\u0161\u00ed skladby. Z\u00e1v\u011br ve\u010dera bude pat\u0159it tanci kastan\u011bt. Jedn\u00e1 se tak\u00e9 o n\u00e1dhernou pod\u00edvanou. Carmen obl\u00e9kl do kost\u00fdmu zn\u00e1m\u00fd n\u00e1vrh\u00e1\u0159 Osmany Laffita a i\u00a0Lolita Karpenko bude m\u00edt b\u011bhem ve\u010dera n\u011bkolikero\u00a0\u0161at\u016f jeho zna\u010dky. Hudebn\u011b p\u011bveck\u00fd\u00a0 koncert za doprovodu tance flamenco \u00da\u010dinkuj\u00ed: Edita Adlerov\u00e1 \u2013 zp\u011bv, Lolita Lola Karpenko\u00a0 \u2013... View Article","og_url":"https:\/\/luhacovice.cz\/akce\/547a-koncert-carmen-a-flameco-spanelsky-vecer\/","og_site_name":"Luha\u010dovice.cz","og_image":[{"url":"http:\/\/luhacovice.cz\/wcd\/actions\/2012\/07\/thumb\/carmen.jpg"}],"twitter_card":"summary_large_image","twitter_misc":{"Est. reading time":"1 minute"},"schema":{"@context":"https:\/\/schema.org","@graph":[{"@type":"WebPage","@id":"https:\/\/luhacovice.cz\/akce\/547a-koncert-carmen-a-flameco-spanelsky-vecer\/","url":"https:\/\/luhacovice.cz\/akce\/547a-koncert-carmen-a-flameco-spanelsky-vecer\/","name":"Koncert \/ Carmen a Flameco \u2013 \u0160pan\u011blsk\u00fd ve\u010der - Luha\u010dovice.cz","isPartOf":{"@id":"https:\/\/luhacovice.cz\/#website"},"datePublished":"2012-07-24T22:00:00+00:00","dateModified":"2012-07-24T22:00:00+00:00","breadcrumb":{"@id":"https:\/\/luhacovice.cz\/akce\/547a-koncert-carmen-a-flameco-spanelsky-vecer\/#breadcrumb"},"inLanguage":"en-US","potentialAction":[{"@type":"ReadAction","target":["https:\/\/luhacovice.cz\/akce\/547a-koncert-carmen-a-flameco-spanelsky-vecer\/"]}]},{"@type":"BreadcrumbList","@id":"https:\/\/luhacovice.cz\/akce\/547a-koncert-carmen-a-flameco-spanelsky-vecer\/#breadcrumb","itemListElement":[{"@type":"ListItem","position":1,"name":"Home","item":"https:\/\/luhacovice.cz\/en\/"},{"@type":"ListItem","position":2,"name":"Akce","item":"https:\/\/luhacovice.cz\/akce\/"},{"@type":"ListItem","position":3,"name":"Koncert \/ Carmen a Flameco \u2013 \u0160pan\u011blsk\u00fd ve\u010der"}]},{"@type":"WebSite","@id":"https:\/\/luhacovice.cz\/#website","url":"https:\/\/luhacovice.cz\/","name":"Luha\u010dovice.cz","description":"Turistick\u00fd port\u00e1l Luha\u010dovice Pozlovice","potentialAction":[{"@type":"SearchAction","target":{"@type":"EntryPoint","urlTemplate":"https:\/\/luhacovice.cz\/?s={search_term_string}"},"query-input":"required name=search_term_string"}],"inLanguage":"en-US"}]}},"_links":{"self":[{"href":"https:\/\/luhacovice.cz\/en\/wp-json\/wp\/v2\/akce\/5521"}],"collection":[{"href":"https:\/\/luhacovice.cz\/en\/wp-json\/wp\/v2\/akce"}],"about":[{"href":"https:\/\/luhacovice.cz\/en\/wp-json\/wp\/v2\/types\/akce"}],"wp:attachment":[{"href":"https:\/\/luhacovice.cz\/en\/wp-json\/wp\/v2\/media?parent=5521"}],"wp:term":[{"taxonomy":"druhy_akci","embeddable":true,"href":"https:\/\/luhacovice.cz\/en\/wp-json\/wp\/v2\/druhy_akci?post=5521"}],"curies":[{"name":"wp","href":"https:\/\/api.w.org\/{rel}","templated":true}]}}