{"id":7173,"date":"2018-03-09T00:00:00","date_gmt":"2018-03-08T23:00:00","guid":{"rendered":"https:\/\/luhacovice.cz\/akce\/4166a-vernisaz-je-libo-kavu\/"},"modified":"2018-03-09T00:00:00","modified_gmt":"2018-03-08T23:00:00","slug":"4166a-vernisaz-je-libo-kavu","status":"publish","type":"akce","link":"https:\/\/luhacovice.cz\/en\/akce\/4166a-vernisaz-je-libo-kavu\/","title":{"rendered":"V\u00fdstava \/ Velk\u00e9 \u017eeny v mal\u00fdch l\u00e1zn\u00edch"},"content":{"rendered":"<p>V\u00fdstava\u00a0<strong>Velk\u00e9 \u017eeny v mal\u00fdch l\u00e1zn\u00edch\u00a0<\/strong>p\u0159edstav\u00ed v\u00fdznamn\u00e9 a pozoruhodn\u00e9 \u017eeny, obyvatelky i n\u00e1v\u0161t\u011bvnice luha\u010dovick\u00fdch l\u00e1zn\u00ed, kter\u00e9 v\u00a019. a prvn\u00ed polovin\u011b 20. stolet\u00ed sv\u00fdm p\u016fsoben\u00edm ovlivnily \u010desk\u00e9 \u010di evropsk\u00e9 d\u011bjiny. Sou\u010d\u00e1st\u00ed vernis\u00e1\u017ee bude p\u011bveck\u00e9 vystoupen\u00ed \u017e\u00e1k\u016f Z\u00e1kladn\u00ed um\u011bleck\u00e9 \u0161koly Luha\u010dovice.<\/p>\n<p>Historii budov\u00e1n\u00ed\u00a0 luha\u010dovick\u00e9ho l\u00e1ze\u0148stv\u00ed a rozvoj obce si v\u011bt\u0161inou spojujeme s\u00a0osobnostmi v\u00fdrazn\u00fdch mu\u017e\u016f, stavitel\u016f, l\u00e9ka\u0159\u016f i slavn\u00fdch pacient\u016f. \u017deny, tvo\u0159\u00edc\u00ed polovinu obyvatel a jist\u011b v\u00edce ne\u017e polovinu l\u00e1ze\u0148sk\u00fdch n\u00e1v\u0161t\u011bvn\u00edk\u016f, jako by nest\u00e1ly za zm\u00ednku. Tuto disproporci se sna\u017e\u00ed napravit v\u00fdstava, odkazuj\u00edc\u00ed se k\u00a0v\u00fdro\u010d\u00ed 100 let \u010deskoslovensk\u00e9 st\u00e1tnosti. Pr\u00e1v\u011b prvn\u00ed republika byla obdob\u00edm, kdy po dlouholet\u00e9m \u00fasil\u00ed u n\u00e1s \u017eeny z\u00edskaly volebn\u00ed pr\u00e1vo, byly zrovnopr\u00e1vn\u011bny s\u00a0mu\u017ei a tato rovnopr\u00e1vnost byla zanesena v\u00a0\u00fastav\u011b, zejm\u00e9na d\u00edky vlivu prezidenta T. G. Masaryka. \u017deny, kter\u00e9 v\u00fdstava p\u0159estavuje, zastupuj\u00ed dal\u0161\u00ed tis\u00edce nejmenovan\u00fdch \u017een, je\u017e sv\u00fdm ve\u0159ejn\u00fdm p\u016fsoben\u00edm k\u00a0t\u00e9to zm\u011bn\u011b p\u0159isp\u011bly.<\/p>\n<p><img decoding=\"async\" src=\"http:\/\/www.muzeum-zlin.cz\/img\/fotogalerie\/285\/1.jpg\" width=\"576\" height=\"272\" \/><\/p>\n","protected":false},"featured_media":0,"template":"","meta":[],"druhy_akci":[20],"yoast_head":"<!-- This site is optimized with the Yoast SEO plugin v20.4 - https:\/\/yoast.com\/wordpress\/plugins\/seo\/ -->\n<title>V\u00fdstava \/ Velk\u00e9 \u017eeny v mal\u00fdch l\u00e1zn\u00edch - Luha\u010dovice.cz<\/title>\n<meta name=\"robots\" content=\"index, follow, max-snippet:-1, max-image-preview:large, max-video-preview:-1\" \/>\n<link rel=\"canonical\" href=\"https:\/\/luhacovice.cz\/akce\/4166a-vernisaz-je-libo-kavu\/\" \/>\n<meta property=\"og:locale\" content=\"en_US\" \/>\n<meta property=\"og:type\" content=\"article\" \/>\n<meta property=\"og:title\" content=\"V\u00fdstava \/ Velk\u00e9 \u017eeny v mal\u00fdch l\u00e1zn\u00edch - Luha\u010dovice.cz\" \/>\n<meta property=\"og:description\" content=\"V\u00fdstava\u00a0Velk\u00e9 \u017eeny v mal\u00fdch l\u00e1zn\u00edch\u00a0p\u0159edstav\u00ed v\u00fdznamn\u00e9 a pozoruhodn\u00e9 \u017eeny, obyvatelky i n\u00e1v\u0161t\u011bvnice luha\u010dovick\u00fdch l\u00e1zn\u00ed, kter\u00e9 v\u00a019. a prvn\u00ed polovin\u011b 20. stolet\u00ed sv\u00fdm p\u016fsoben\u00edm ovlivnily \u010desk\u00e9 \u010di evropsk\u00e9 d\u011bjiny. Sou\u010d\u00e1st\u00ed vernis\u00e1\u017ee bude p\u011bveck\u00e9 vystoupen\u00ed \u017e\u00e1k\u016f Z\u00e1kladn\u00ed um\u011bleck\u00e9 \u0161koly Luha\u010dovice. Historii budov\u00e1n\u00ed\u00a0 luha\u010dovick\u00e9ho l\u00e1ze\u0148stv\u00ed a rozvoj obce si v\u011bt\u0161inou spojujeme s\u00a0osobnostmi v\u00fdrazn\u00fdch mu\u017e\u016f, stavitel\u016f, l\u00e9ka\u0159\u016f i slavn\u00fdch... View Article\" \/>\n<meta property=\"og:url\" content=\"https:\/\/luhacovice.cz\/akce\/4166a-vernisaz-je-libo-kavu\/\" \/>\n<meta property=\"og:site_name\" content=\"Luha\u010dovice.cz\" \/>\n<meta property=\"og:image\" content=\"http:\/\/www.muzeum-zlin.cz\/img\/fotogalerie\/285\/1.jpg\" \/>\n<meta name=\"twitter:card\" content=\"summary_large_image\" \/>\n<meta name=\"twitter:label1\" content=\"Est. reading time\" \/>\n\t<meta name=\"twitter:data1\" content=\"1 minute\" \/>\n<script type=\"application\/ld+json\" class=\"yoast-schema-graph\">{\"@context\":\"https:\/\/schema.org\",\"@graph\":[{\"@type\":\"WebPage\",\"@id\":\"https:\/\/luhacovice.cz\/akce\/4166a-vernisaz-je-libo-kavu\/\",\"url\":\"https:\/\/luhacovice.cz\/akce\/4166a-vernisaz-je-libo-kavu\/\",\"name\":\"V\u00fdstava \/ Velk\u00e9 \u017eeny v mal\u00fdch l\u00e1zn\u00edch - Luha\u010dovice.cz\",\"isPartOf\":{\"@id\":\"https:\/\/luhacovice.cz\/#website\"},\"datePublished\":\"2018-03-08T23:00:00+00:00\",\"dateModified\":\"2018-03-08T23:00:00+00:00\",\"breadcrumb\":{\"@id\":\"https:\/\/luhacovice.cz\/akce\/4166a-vernisaz-je-libo-kavu\/#breadcrumb\"},\"inLanguage\":\"en-US\",\"potentialAction\":[{\"@type\":\"ReadAction\",\"target\":[\"https:\/\/luhacovice.cz\/akce\/4166a-vernisaz-je-libo-kavu\/\"]}]},{\"@type\":\"BreadcrumbList\",\"@id\":\"https:\/\/luhacovice.cz\/akce\/4166a-vernisaz-je-libo-kavu\/#breadcrumb\",\"itemListElement\":[{\"@type\":\"ListItem\",\"position\":1,\"name\":\"Home\",\"item\":\"https:\/\/luhacovice.cz\/en\/\"},{\"@type\":\"ListItem\",\"position\":2,\"name\":\"Akce\",\"item\":\"https:\/\/luhacovice.cz\/akce\/\"},{\"@type\":\"ListItem\",\"position\":3,\"name\":\"V\u00fdstava \/ Velk\u00e9 \u017eeny v mal\u00fdch l\u00e1zn\u00edch\"}]},{\"@type\":\"WebSite\",\"@id\":\"https:\/\/luhacovice.cz\/#website\",\"url\":\"https:\/\/luhacovice.cz\/\",\"name\":\"Luha\u010dovice.cz\",\"description\":\"Turistick\u00fd port\u00e1l Luha\u010dovice Pozlovice\",\"potentialAction\":[{\"@type\":\"SearchAction\",\"target\":{\"@type\":\"EntryPoint\",\"urlTemplate\":\"https:\/\/luhacovice.cz\/?s={search_term_string}\"},\"query-input\":\"required name=search_term_string\"}],\"inLanguage\":\"en-US\"}]}<\/script>\n<!-- \/ Yoast SEO plugin. -->","yoast_head_json":{"title":"V\u00fdstava \/ Velk\u00e9 \u017eeny v mal\u00fdch l\u00e1zn\u00edch - Luha\u010dovice.cz","robots":{"index":"index","follow":"follow","max-snippet":"max-snippet:-1","max-image-preview":"max-image-preview:large","max-video-preview":"max-video-preview:-1"},"canonical":"https:\/\/luhacovice.cz\/akce\/4166a-vernisaz-je-libo-kavu\/","og_locale":"en_US","og_type":"article","og_title":"V\u00fdstava \/ Velk\u00e9 \u017eeny v mal\u00fdch l\u00e1zn\u00edch - Luha\u010dovice.cz","og_description":"V\u00fdstava\u00a0Velk\u00e9 \u017eeny v mal\u00fdch l\u00e1zn\u00edch\u00a0p\u0159edstav\u00ed v\u00fdznamn\u00e9 a pozoruhodn\u00e9 \u017eeny, obyvatelky i n\u00e1v\u0161t\u011bvnice luha\u010dovick\u00fdch l\u00e1zn\u00ed, kter\u00e9 v\u00a019. a prvn\u00ed polovin\u011b 20. stolet\u00ed sv\u00fdm p\u016fsoben\u00edm ovlivnily \u010desk\u00e9 \u010di evropsk\u00e9 d\u011bjiny. Sou\u010d\u00e1st\u00ed vernis\u00e1\u017ee bude p\u011bveck\u00e9 vystoupen\u00ed \u017e\u00e1k\u016f Z\u00e1kladn\u00ed um\u011bleck\u00e9 \u0161koly Luha\u010dovice. Historii budov\u00e1n\u00ed\u00a0 luha\u010dovick\u00e9ho l\u00e1ze\u0148stv\u00ed a rozvoj obce si v\u011bt\u0161inou spojujeme s\u00a0osobnostmi v\u00fdrazn\u00fdch mu\u017e\u016f, stavitel\u016f, l\u00e9ka\u0159\u016f i slavn\u00fdch... View Article","og_url":"https:\/\/luhacovice.cz\/akce\/4166a-vernisaz-je-libo-kavu\/","og_site_name":"Luha\u010dovice.cz","og_image":[{"url":"http:\/\/www.muzeum-zlin.cz\/img\/fotogalerie\/285\/1.jpg"}],"twitter_card":"summary_large_image","twitter_misc":{"Est. reading time":"1 minute"},"schema":{"@context":"https:\/\/schema.org","@graph":[{"@type":"WebPage","@id":"https:\/\/luhacovice.cz\/akce\/4166a-vernisaz-je-libo-kavu\/","url":"https:\/\/luhacovice.cz\/akce\/4166a-vernisaz-je-libo-kavu\/","name":"V\u00fdstava \/ Velk\u00e9 \u017eeny v mal\u00fdch l\u00e1zn\u00edch - Luha\u010dovice.cz","isPartOf":{"@id":"https:\/\/luhacovice.cz\/#website"},"datePublished":"2018-03-08T23:00:00+00:00","dateModified":"2018-03-08T23:00:00+00:00","breadcrumb":{"@id":"https:\/\/luhacovice.cz\/akce\/4166a-vernisaz-je-libo-kavu\/#breadcrumb"},"inLanguage":"en-US","potentialAction":[{"@type":"ReadAction","target":["https:\/\/luhacovice.cz\/akce\/4166a-vernisaz-je-libo-kavu\/"]}]},{"@type":"BreadcrumbList","@id":"https:\/\/luhacovice.cz\/akce\/4166a-vernisaz-je-libo-kavu\/#breadcrumb","itemListElement":[{"@type":"ListItem","position":1,"name":"Home","item":"https:\/\/luhacovice.cz\/en\/"},{"@type":"ListItem","position":2,"name":"Akce","item":"https:\/\/luhacovice.cz\/akce\/"},{"@type":"ListItem","position":3,"name":"V\u00fdstava \/ Velk\u00e9 \u017eeny v mal\u00fdch l\u00e1zn\u00edch"}]},{"@type":"WebSite","@id":"https:\/\/luhacovice.cz\/#website","url":"https:\/\/luhacovice.cz\/","name":"Luha\u010dovice.cz","description":"Turistick\u00fd port\u00e1l Luha\u010dovice Pozlovice","potentialAction":[{"@type":"SearchAction","target":{"@type":"EntryPoint","urlTemplate":"https:\/\/luhacovice.cz\/?s={search_term_string}"},"query-input":"required name=search_term_string"}],"inLanguage":"en-US"}]}},"_links":{"self":[{"href":"https:\/\/luhacovice.cz\/en\/wp-json\/wp\/v2\/akce\/7173"}],"collection":[{"href":"https:\/\/luhacovice.cz\/en\/wp-json\/wp\/v2\/akce"}],"about":[{"href":"https:\/\/luhacovice.cz\/en\/wp-json\/wp\/v2\/types\/akce"}],"wp:attachment":[{"href":"https:\/\/luhacovice.cz\/en\/wp-json\/wp\/v2\/media?parent=7173"}],"wp:term":[{"taxonomy":"druhy_akci","embeddable":true,"href":"https:\/\/luhacovice.cz\/en\/wp-json\/wp\/v2\/druhy_akci?post=7173"}],"curies":[{"name":"wp","href":"https:\/\/api.w.org\/{rel}","templated":true}]}}