{"id":7883,"date":"2020-08-02T00:00:00","date_gmt":"2020-08-01T22:00:00","guid":{"rendered":"https:\/\/luhacovice.cz\/akce\/4938a-detem-lassie-se-vraci\/"},"modified":"2020-08-02T00:00:00","modified_gmt":"2020-08-01T22:00:00","slug":"4938a-detem-lassie-se-vraci","status":"publish","type":"akce","link":"https:\/\/luhacovice.cz\/en\/akce\/4938a-detem-lassie-se-vraci\/","title":{"rendered":"D\u011btem \/ Lassie se vrac\u00ed"},"content":{"rendered":"<p>Dobrodru\u017en\u00fd N\u011bmecko,\u00a02020, 97 min, p\u0159\u00edstupn\u00fd, vstupn\u00e9 110 K\u010d<\/p>\n<p>Re\u017eie: Hanno Olderdissen<\/p>\n<p>Hraj\u00ed:<\/p>\n<p>Nico Marischka,\u00a0Sebastian Bezzel,\u00a0Anna Maria M\u00fche,\u00a0Bella Bading,\u00a0Matthias Habich,\u00a0Justus von Dohn\u00e1nyi,\u00a0Johann von B\u00fclow,\u00a0Sina Bianca Hentschel,\u00a0Jana Pallaske,\u00a0Christoph Letkowski,\u00a0Milton Welsh,\u00a0Sarah Camp,\u00a0Luca Maric,\u00a0Gode Benedix,\u00a0Oliver T\u00f6rner,\u00a0Sina Rei\u00df,\u00a0Moritz Heidelbach,\u00a0J\u00f6rg R\u00fchl,\u00a0Christian Skibinski<\/p>\n<p>Dvan\u00e1ctilet\u00fd chlapec Flo a jeho dlouhosrst\u00e1 kolie Lassie jsou zn\u00e1m\u00e1 dvojka po cel\u00e9m okol\u00ed. Nerozlu\u010dn\u00ed a neodd\u011bliteln\u00ed kamar\u00e1di se neboj\u00ed \u017e\u00e1dn\u00e9 spole\u010dn\u00e9 lump\u00e1rny a u\u017e\u00edvaj\u00ed si idylick\u00e9ho \u017eivota na venkov\u011b.<\/p>\n","protected":false},"featured_media":0,"template":"","meta":[],"druhy_akci":[34],"yoast_head":"<!-- This site is optimized with the Yoast SEO plugin v20.4 - https:\/\/yoast.com\/wordpress\/plugins\/seo\/ -->\n<title>D\u011btem \/ Lassie se vrac\u00ed - Luha\u010dovice.cz<\/title>\n<meta name=\"robots\" content=\"index, follow, max-snippet:-1, max-image-preview:large, max-video-preview:-1\" \/>\n<link rel=\"canonical\" href=\"https:\/\/luhacovice.cz\/akce\/4938a-detem-lassie-se-vraci\/\" \/>\n<meta property=\"og:locale\" content=\"en_US\" \/>\n<meta property=\"og:type\" content=\"article\" \/>\n<meta property=\"og:title\" content=\"D\u011btem \/ Lassie se vrac\u00ed - Luha\u010dovice.cz\" \/>\n<meta property=\"og:description\" content=\"Dobrodru\u017en\u00fd N\u011bmecko,\u00a02020, 97 min, p\u0159\u00edstupn\u00fd, vstupn\u00e9 110 K\u010d Re\u017eie: Hanno Olderdissen Hraj\u00ed: Nico Marischka,\u00a0Sebastian Bezzel,\u00a0Anna Maria M\u00fche,\u00a0Bella Bading,\u00a0Matthias Habich,\u00a0Justus von Dohn\u00e1nyi,\u00a0Johann von B\u00fclow,\u00a0Sina Bianca Hentschel,\u00a0Jana Pallaske,\u00a0Christoph Letkowski,\u00a0Milton Welsh,\u00a0Sarah Camp,\u00a0Luca Maric,\u00a0Gode Benedix,\u00a0Oliver T\u00f6rner,\u00a0Sina Rei\u00df,\u00a0Moritz Heidelbach,\u00a0J\u00f6rg R\u00fchl,\u00a0Christian Skibinski Dvan\u00e1ctilet\u00fd chlapec Flo a jeho dlouhosrst\u00e1 kolie Lassie jsou zn\u00e1m\u00e1 dvojka po cel\u00e9m okol\u00ed. Nerozlu\u010dn\u00ed a neodd\u011bliteln\u00ed kamar\u00e1di se... View Article\" \/>\n<meta property=\"og:url\" content=\"https:\/\/luhacovice.cz\/akce\/4938a-detem-lassie-se-vraci\/\" \/>\n<meta property=\"og:site_name\" content=\"Luha\u010dovice.cz\" \/>\n<meta name=\"twitter:card\" content=\"summary_large_image\" \/>\n<meta name=\"twitter:label1\" content=\"Est. reading time\" \/>\n\t<meta name=\"twitter:data1\" content=\"1 minute\" \/>\n<script type=\"application\/ld+json\" class=\"yoast-schema-graph\">{\"@context\":\"https:\/\/schema.org\",\"@graph\":[{\"@type\":\"WebPage\",\"@id\":\"https:\/\/luhacovice.cz\/akce\/4938a-detem-lassie-se-vraci\/\",\"url\":\"https:\/\/luhacovice.cz\/akce\/4938a-detem-lassie-se-vraci\/\",\"name\":\"D\u011btem \/ Lassie se vrac\u00ed - Luha\u010dovice.cz\",\"isPartOf\":{\"@id\":\"https:\/\/luhacovice.cz\/#website\"},\"datePublished\":\"2020-08-01T22:00:00+00:00\",\"dateModified\":\"2020-08-01T22:00:00+00:00\",\"breadcrumb\":{\"@id\":\"https:\/\/luhacovice.cz\/akce\/4938a-detem-lassie-se-vraci\/#breadcrumb\"},\"inLanguage\":\"en-US\",\"potentialAction\":[{\"@type\":\"ReadAction\",\"target\":[\"https:\/\/luhacovice.cz\/akce\/4938a-detem-lassie-se-vraci\/\"]}]},{\"@type\":\"BreadcrumbList\",\"@id\":\"https:\/\/luhacovice.cz\/akce\/4938a-detem-lassie-se-vraci\/#breadcrumb\",\"itemListElement\":[{\"@type\":\"ListItem\",\"position\":1,\"name\":\"Home\",\"item\":\"https:\/\/luhacovice.cz\/en\/\"},{\"@type\":\"ListItem\",\"position\":2,\"name\":\"Akce\",\"item\":\"https:\/\/luhacovice.cz\/akce\/\"},{\"@type\":\"ListItem\",\"position\":3,\"name\":\"D\u011btem \/ Lassie se vrac\u00ed\"}]},{\"@type\":\"WebSite\",\"@id\":\"https:\/\/luhacovice.cz\/#website\",\"url\":\"https:\/\/luhacovice.cz\/\",\"name\":\"Luha\u010dovice.cz\",\"description\":\"Turistick\u00fd port\u00e1l Luha\u010dovice Pozlovice\",\"potentialAction\":[{\"@type\":\"SearchAction\",\"target\":{\"@type\":\"EntryPoint\",\"urlTemplate\":\"https:\/\/luhacovice.cz\/?s={search_term_string}\"},\"query-input\":\"required name=search_term_string\"}],\"inLanguage\":\"en-US\"}]}<\/script>\n<!-- \/ Yoast SEO plugin. -->","yoast_head_json":{"title":"D\u011btem \/ Lassie se vrac\u00ed - Luha\u010dovice.cz","robots":{"index":"index","follow":"follow","max-snippet":"max-snippet:-1","max-image-preview":"max-image-preview:large","max-video-preview":"max-video-preview:-1"},"canonical":"https:\/\/luhacovice.cz\/akce\/4938a-detem-lassie-se-vraci\/","og_locale":"en_US","og_type":"article","og_title":"D\u011btem \/ Lassie se vrac\u00ed - Luha\u010dovice.cz","og_description":"Dobrodru\u017en\u00fd N\u011bmecko,\u00a02020, 97 min, p\u0159\u00edstupn\u00fd, vstupn\u00e9 110 K\u010d Re\u017eie: Hanno Olderdissen Hraj\u00ed: Nico Marischka,\u00a0Sebastian Bezzel,\u00a0Anna Maria M\u00fche,\u00a0Bella Bading,\u00a0Matthias Habich,\u00a0Justus von Dohn\u00e1nyi,\u00a0Johann von B\u00fclow,\u00a0Sina Bianca Hentschel,\u00a0Jana Pallaske,\u00a0Christoph Letkowski,\u00a0Milton Welsh,\u00a0Sarah Camp,\u00a0Luca Maric,\u00a0Gode Benedix,\u00a0Oliver T\u00f6rner,\u00a0Sina Rei\u00df,\u00a0Moritz Heidelbach,\u00a0J\u00f6rg R\u00fchl,\u00a0Christian Skibinski Dvan\u00e1ctilet\u00fd chlapec Flo a jeho dlouhosrst\u00e1 kolie Lassie jsou zn\u00e1m\u00e1 dvojka po cel\u00e9m okol\u00ed. Nerozlu\u010dn\u00ed a neodd\u011bliteln\u00ed kamar\u00e1di se... View Article","og_url":"https:\/\/luhacovice.cz\/akce\/4938a-detem-lassie-se-vraci\/","og_site_name":"Luha\u010dovice.cz","twitter_card":"summary_large_image","twitter_misc":{"Est. reading time":"1 minute"},"schema":{"@context":"https:\/\/schema.org","@graph":[{"@type":"WebPage","@id":"https:\/\/luhacovice.cz\/akce\/4938a-detem-lassie-se-vraci\/","url":"https:\/\/luhacovice.cz\/akce\/4938a-detem-lassie-se-vraci\/","name":"D\u011btem \/ Lassie se vrac\u00ed - Luha\u010dovice.cz","isPartOf":{"@id":"https:\/\/luhacovice.cz\/#website"},"datePublished":"2020-08-01T22:00:00+00:00","dateModified":"2020-08-01T22:00:00+00:00","breadcrumb":{"@id":"https:\/\/luhacovice.cz\/akce\/4938a-detem-lassie-se-vraci\/#breadcrumb"},"inLanguage":"en-US","potentialAction":[{"@type":"ReadAction","target":["https:\/\/luhacovice.cz\/akce\/4938a-detem-lassie-se-vraci\/"]}]},{"@type":"BreadcrumbList","@id":"https:\/\/luhacovice.cz\/akce\/4938a-detem-lassie-se-vraci\/#breadcrumb","itemListElement":[{"@type":"ListItem","position":1,"name":"Home","item":"https:\/\/luhacovice.cz\/en\/"},{"@type":"ListItem","position":2,"name":"Akce","item":"https:\/\/luhacovice.cz\/akce\/"},{"@type":"ListItem","position":3,"name":"D\u011btem \/ Lassie se vrac\u00ed"}]},{"@type":"WebSite","@id":"https:\/\/luhacovice.cz\/#website","url":"https:\/\/luhacovice.cz\/","name":"Luha\u010dovice.cz","description":"Turistick\u00fd port\u00e1l Luha\u010dovice Pozlovice","potentialAction":[{"@type":"SearchAction","target":{"@type":"EntryPoint","urlTemplate":"https:\/\/luhacovice.cz\/?s={search_term_string}"},"query-input":"required name=search_term_string"}],"inLanguage":"en-US"}]}},"_links":{"self":[{"href":"https:\/\/luhacovice.cz\/en\/wp-json\/wp\/v2\/akce\/7883"}],"collection":[{"href":"https:\/\/luhacovice.cz\/en\/wp-json\/wp\/v2\/akce"}],"about":[{"href":"https:\/\/luhacovice.cz\/en\/wp-json\/wp\/v2\/types\/akce"}],"wp:attachment":[{"href":"https:\/\/luhacovice.cz\/en\/wp-json\/wp\/v2\/media?parent=7883"}],"wp:term":[{"taxonomy":"druhy_akci","embeddable":true,"href":"https:\/\/luhacovice.cz\/en\/wp-json\/wp\/v2\/druhy_akci?post=7883"}],"curies":[{"name":"wp","href":"https:\/\/api.w.org\/{rel}","templated":true}]}}